{"id":1691,"date":"2025-09-15T18:39:30","date_gmt":"2025-09-15T22:39:30","guid":{"rendered":"https:\/\/shoebill-campervan.ca\/blog\/"},"modified":"2025-12-23T14:51:07","modified_gmt":"2025-12-23T18:51:07","slug":"blog","status":"publish","type":"page","link":"https:\/\/shoebill-campervan.ca\/en\/blog\/","title":{"rendered":"Blog"},"content":{"rendered":"\t\t<div data-elementor-type=\"wp-page\" data-elementor-id=\"1691\" class=\"elementor elementor-1691 elementor-1330\" data-elementor-post-type=\"page\">\n\t\t\t\t<div class=\"elementor-element elementor-element-547f82a e-flex e-con-boxed e-con e-parent\" data-id=\"547f82a\" data-element_type=\"container\" data-e-type=\"container\">\n\t\t\t\t\t<div class=\"e-con-inner\">\n\t\t\t\t<div class=\"elementor-element elementor-element-ac1fbd6 elementor-widget__width-initial elementor-widget elementor-widget-search\" data-id=\"ac1fbd6\" data-element_type=\"widget\" data-e-type=\"widget\" data-settings=\"{&quot;submit_trigger&quot;:&quot;both&quot;,&quot;live_results&quot;:&quot;yes&quot;,&quot;pagination_type_options&quot;:&quot;numbers&quot;,&quot;page_limit_settings&quot;:5,&quot;results_is_dropdown_width&quot;:&quot;search_field&quot;}\" data-widget_type=\"search.default\">\n\t\t\t\t\t\t\t<search class=\"e-search hidden\" role=\"search\">\n\t\t\t<form class=\"e-search-form\" action=\"https:\/\/shoebill-campervan.ca\/en\/\" method=\"get\">\n\n\t\t\t\t\n\t\t\t\t<label class=\"e-search-label\" for=\"search-ac1fbd6\">\n\t\t\t\t\t<span class=\"elementor-screen-only\">\n\t\t\t\t\t\tSearch\t\t\t\t\t<\/span>\n\t\t\t\t\t\t\t\t\t<\/label>\n\n\t\t\t\t<div class=\"e-search-input-wrapper\">\n\t\t\t\t\t<input id=\"search-ac1fbd6\" placeholder=\"Type your search\" class=\"e-search-input\" type=\"search\" name=\"s\" value=\"\" autocomplete=\"on\" role=\"combobox\" aria-autocomplete=\"list\" aria-expanded=\"false\" aria-controls=\"results-ac1fbd6\" aria-haspopup=\"listbox\">\n\t\t\t\t\t<svg aria-hidden=\"true\" class=\"e-font-icon-svg e-fas-times\" viewBox=\"0 0 352 512\" xmlns=\"http:\/\/www.w3.org\/2000\/svg\"><path d=\"M242.72 256l100.07-100.07c12.28-12.28 12.28-32.19 0-44.48l-22.24-22.24c-12.28-12.28-32.19-12.28-44.48 0L176 189.28 75.93 89.21c-12.28-12.28-32.19-12.28-44.48 0L9.21 111.45c-12.28 12.28-12.28 32.19 0 44.48L109.28 256 9.21 356.07c-12.28 12.28-12.28 32.19 0 44.48l22.24 22.24c12.28 12.28 32.2 12.28 44.48 0L176 322.72l100.07 100.07c12.28 12.28 32.2 12.28 44.48 0l22.24-22.24c12.28-12.28 12.28-32.19 0-44.48L242.72 256z\"><\/path><\/svg>\t\t\t\t\t\t\t\t\t\t<output id=\"results-ac1fbd6\" class=\"e-search-results-container hide-loader\" aria-live=\"polite\" aria-atomic=\"true\" aria-label=\"Results for search\" tabindex=\"0\">\n\t\t\t\t\t\t<div class=\"e-search-results\"><\/div>\n\t\t\t\t\t\t\t\t\t\t\t<\/output>\n\t\t\t\t\t\t\t\t\t<\/div>\n\t\t\t\t\n\t\t\t\t\n\t\t\t\t<button class=\"e-search-submit  \" type=\"submit\">\n\t\t\t\t\t\n\t\t\t\t\t\t\t\t\t\t<span class=\"\">\n\t\t\t\t\t\tSearch \t\t\t\t\t<\/span>\n\t\t\t\t\t\t\t\t\t<\/button>\n\t\t\t\t<input type=\"hidden\" name=\"e_search_props\" value=\"ac1fbd6-1691\">\n\t\t\t<\/form>\n\t\t<\/search>\n\t\t\t\t\t\t<\/div>\n\t\t\t\t\t<\/div>\n\t\t\t\t<\/div>\n\t\t<div class=\"elementor-element elementor-element-b9c11ed e-flex e-con-boxed e-con e-parent\" data-id=\"b9c11ed\" data-element_type=\"container\" data-e-type=\"container\">\n\t\t\t\t\t<div class=\"e-con-inner\">\n\t\t\t\t<div class=\"elementor-element elementor-element-6854d41 elementor-grid-3 elementor-grid-tablet-2 elementor-grid-mobile-1 elementor-posts--thumbnail-top elementor-posts__hover-gradient load-more-align-center elementor-widget elementor-widget-posts\" data-id=\"6854d41\" data-element_type=\"widget\" data-e-type=\"widget\" data-settings=\"{&quot;pagination_type&quot;:&quot;load_more_on_click&quot;,&quot;cards_row_gap_mobile&quot;:{&quot;unit&quot;:&quot;px&quot;,&quot;size&quot;:30,&quot;sizes&quot;:[]},&quot;cards_columns&quot;:&quot;3&quot;,&quot;cards_columns_tablet&quot;:&quot;2&quot;,&quot;cards_columns_mobile&quot;:&quot;1&quot;,&quot;cards_row_gap&quot;:{&quot;unit&quot;:&quot;px&quot;,&quot;size&quot;:35,&quot;sizes&quot;:[]},&quot;cards_row_gap_tablet&quot;:{&quot;unit&quot;:&quot;px&quot;,&quot;size&quot;:&quot;&quot;,&quot;sizes&quot;:[]},&quot;load_more_spinner&quot;:{&quot;value&quot;:&quot;fas fa-spinner&quot;,&quot;library&quot;:&quot;fa-solid&quot;}}\" data-widget_type=\"posts.cards\">\n\t\t\t\t<div class=\"elementor-widget-container\">\n\t\t\t\t\t\t\t<div class=\"elementor-posts-container elementor-posts elementor-posts--skin-cards elementor-grid\" role=\"list\">\n\t\t\t\t<article class=\"elementor-post elementor-grid-item post-2328 post type-post status-publish format-standard hentry category-voyage\" role=\"listitem\">\n\t\t\t<div class=\"elementor-post__card\">\n\t\t\t\t<div class=\"elementor-post__text\">\n\t\t\t\t<h4 class=\"elementor-post__title\">\n\t\t\t<a href=\"https:\/\/shoebill-campervan.ca\/en\/2026\/06\/02\/lecotourisme-au-canada-voyager-autrement-en-van-amenage\/\" >\n\t\t\t\tL\u2019\u00e9cotourisme au Canada : voyager autrement en van am\u00e9nag\u00e9\t\t\t<\/a>\n\t\t<\/h4>\n\t\t\t\t<div class=\"elementor-post__excerpt\">\n\t\t\t<p>Le Canada fait r\u00eaver. Ses routes infinies, ses lacs aux reflets parfaits, ses montagnes imposantes et ses for\u00eats sauvages attirent<\/p>\n\t\t<\/div>\n\t\t\t\t\t<div class=\"elementor-post__read-more-wrapper\">\n\t\t\n\t\t<a class=\"elementor-post__read-more\" href=\"https:\/\/shoebill-campervan.ca\/en\/2026\/06\/02\/lecotourisme-au-canada-voyager-autrement-en-van-amenage\/\" aria-label=\"Read more about L\u2019\u00e9cotourisme au Canada : voyager autrement en van am\u00e9nag\u00e9\" tabindex=\"-1\" >\n\t\t\tRead more \u00bb\t\t<\/a>\n\n\t\t\t\t\t<\/div>\n\t\t\t\t<\/div>\n\t\t\t\t\t<\/div>\n\t\t<\/article>\n\t\t\t\t<article class=\"elementor-post elementor-grid-item post-2294 post type-post status-publish format-standard has-post-thumbnail hentry category-astuces\" role=\"listitem\">\n\t\t\t<div class=\"elementor-post__card\">\n\t\t\t\t<a class=\"elementor-post__thumbnail__link\" href=\"https:\/\/shoebill-campervan.ca\/en\/2026\/05\/03\/la-checklist-ultime-les-essentiels-pour-partir-lesprit-leger-cet-ete\/\" tabindex=\"-1\" ><div class=\"elementor-post__thumbnail\"><img fetchpriority=\"high\" decoding=\"async\" width=\"1920\" height=\"1080\" src=\"https:\/\/shoebill-campervan.ca\/wp-content\/uploads\/2026\/03\/Manuel-ShoeBill-Campervan-Articles-MARS-1920-x-1080-px-1.png\" class=\"attachment-full size-full wp-image-2296\" alt=\"\" srcset=\"https:\/\/shoebill-campervan.ca\/wp-content\/uploads\/2026\/03\/Manuel-ShoeBill-Campervan-Articles-MARS-1920-x-1080-px-1.png 1920w, https:\/\/shoebill-campervan.ca\/wp-content\/uploads\/2026\/03\/Manuel-ShoeBill-Campervan-Articles-MARS-1920-x-1080-px-1-300x169.png 300w, https:\/\/shoebill-campervan.ca\/wp-content\/uploads\/2026\/03\/Manuel-ShoeBill-Campervan-Articles-MARS-1920-x-1080-px-1-1024x576.png 1024w, https:\/\/shoebill-campervan.ca\/wp-content\/uploads\/2026\/03\/Manuel-ShoeBill-Campervan-Articles-MARS-1920-x-1080-px-1-768x432.png 768w, https:\/\/shoebill-campervan.ca\/wp-content\/uploads\/2026\/03\/Manuel-ShoeBill-Campervan-Articles-MARS-1920-x-1080-px-1-1536x864.png 1536w, https:\/\/shoebill-campervan.ca\/wp-content\/uploads\/2026\/03\/Manuel-ShoeBill-Campervan-Articles-MARS-1920-x-1080-px-1-1320x743.png 1320w\" sizes=\"(max-width: 1920px) 100vw, 1920px\" \/><\/div><\/a>\n\t\t\t\t<div class=\"elementor-post__badge\">Astuces<\/div>\n\t\t\t\t<div class=\"elementor-post__text\">\n\t\t\t\t<h4 class=\"elementor-post__title\">\n\t\t\t<a href=\"https:\/\/shoebill-campervan.ca\/en\/2026\/05\/03\/la-checklist-ultime-les-essentiels-pour-partir-lesprit-leger-cet-ete\/\" >\n\t\t\t\tCamping en van : la checklist indispensable avant de partir\t\t\t<\/a>\n\t\t<\/h4>\n\t\t\t\t<div class=\"elementor-post__excerpt\">\n\t\t\t<p>Un road trip en van est une exp\u00e9rience unique. Entre libert\u00e9, d\u00e9couverte et nuits au plus pr\u00e8s de la nature,<\/p>\n\t\t<\/div>\n\t\t\t\t\t<div class=\"elementor-post__read-more-wrapper\">\n\t\t\n\t\t<a class=\"elementor-post__read-more\" href=\"https:\/\/shoebill-campervan.ca\/en\/2026\/05\/03\/la-checklist-ultime-les-essentiels-pour-partir-lesprit-leger-cet-ete\/\" aria-label=\"Read more about Camping en van : la checklist indispensable avant de partir\" tabindex=\"-1\" >\n\t\t\tRead more \u00bb\t\t<\/a>\n\n\t\t\t\t\t<\/div>\n\t\t\t\t<\/div>\n\t\t\t\t\t<\/div>\n\t\t<\/article>\n\t\t\t\t<article class=\"elementor-post elementor-grid-item post-2285 post type-post status-publish format-standard has-post-thumbnail hentry category-astuces\" role=\"listitem\">\n\t\t\t<div class=\"elementor-post__card\">\n\t\t\t\t<a class=\"elementor-post__thumbnail__link\" href=\"https:\/\/shoebill-campervan.ca\/en\/2026\/03\/17\/connais-tu-la-regle-du-3-3-3\/\" tabindex=\"-1\" ><div class=\"elementor-post__thumbnail\"><img decoding=\"async\" width=\"1400\" height=\"1400\" src=\"https:\/\/shoebill-campervan.ca\/wp-content\/uploads\/2026\/03\/Manuel-ShoeBill-Campervan-Articles-MARS.png\" class=\"attachment-full size-full wp-image-2286\" alt=\"\" srcset=\"https:\/\/shoebill-campervan.ca\/wp-content\/uploads\/2026\/03\/Manuel-ShoeBill-Campervan-Articles-MARS.png 1400w, https:\/\/shoebill-campervan.ca\/wp-content\/uploads\/2026\/03\/Manuel-ShoeBill-Campervan-Articles-MARS-300x300.png 300w, https:\/\/shoebill-campervan.ca\/wp-content\/uploads\/2026\/03\/Manuel-ShoeBill-Campervan-Articles-MARS-1024x1024.png 1024w, https:\/\/shoebill-campervan.ca\/wp-content\/uploads\/2026\/03\/Manuel-ShoeBill-Campervan-Articles-MARS-150x150.png 150w, https:\/\/shoebill-campervan.ca\/wp-content\/uploads\/2026\/03\/Manuel-ShoeBill-Campervan-Articles-MARS-768x768.png 768w, https:\/\/shoebill-campervan.ca\/wp-content\/uploads\/2026\/03\/Manuel-ShoeBill-Campervan-Articles-MARS-1320x1320.png 1320w\" sizes=\"(max-width: 1400px) 100vw, 1400px\" \/><\/div><\/a>\n\t\t\t\t<div class=\"elementor-post__badge\">Astuces<\/div>\n\t\t\t\t<div class=\"elementor-post__text\">\n\t\t\t\t<h4 class=\"elementor-post__title\">\n\t\t\t<a href=\"https:\/\/shoebill-campervan.ca\/en\/2026\/03\/17\/connais-tu-la-regle-du-3-3-3\/\" >\n\t\t\t\tConnais-tu la r\u00e8gle du 3-3-3 ?\t\t\t<\/a>\n\t\t<\/h4>\n\t\t\t\t<div class=\"elementor-post__excerpt\">\n\t\t\t<p>Connaissez-vous la r\u00e8gle du 3-3-3 ? C\u2019est le secret le mieux gard\u00e9 des &#8220;vanlifers&#8221; pour \u00e9viter l\u2019\u00e9puisement et savourer chaque<\/p>\n\t\t<\/div>\n\t\t\t\t\t<div class=\"elementor-post__read-more-wrapper\">\n\t\t\n\t\t<a class=\"elementor-post__read-more\" href=\"https:\/\/shoebill-campervan.ca\/en\/2026\/03\/17\/connais-tu-la-regle-du-3-3-3\/\" aria-label=\"Read more about Connais-tu la r\u00e8gle du 3-3-3 ?\" tabindex=\"-1\" >\n\t\t\tRead more \u00bb\t\t<\/a>\n\n\t\t\t\t\t<\/div>\n\t\t\t\t<\/div>\n\t\t\t\t\t<\/div>\n\t\t<\/article>\n\t\t\t\t<article class=\"elementor-post elementor-grid-item post-2074 post type-post status-publish format-standard has-post-thumbnail hentry category-astuces category-bons-plans category-non-classe category-recettes category-voyage\" role=\"listitem\">\n\t\t\t<div class=\"elementor-post__card\">\n\t\t\t\t<a class=\"elementor-post__thumbnail__link\" href=\"https:\/\/shoebill-campervan.ca\/en\/2026\/01\/20\/5-spots-a-ne-pas-manquer-cet-ete-2026-edition-shoebill-campervan\/\" tabindex=\"-1\" ><div class=\"elementor-post__thumbnail\"><img decoding=\"async\" width=\"1800\" height=\"400\" src=\"https:\/\/shoebill-campervan.ca\/wp-content\/uploads\/2026\/01\/Green-and-White-Aesthetic-Handwritten-Scrapbook-Travel-Reminder-Quote-Carousel-Instagram-Post-1800-x-400-px.png\" class=\"attachment-full size-full wp-image-2141\" alt=\"\" srcset=\"https:\/\/shoebill-campervan.ca\/wp-content\/uploads\/2026\/01\/Green-and-White-Aesthetic-Handwritten-Scrapbook-Travel-Reminder-Quote-Carousel-Instagram-Post-1800-x-400-px.png 1800w, https:\/\/shoebill-campervan.ca\/wp-content\/uploads\/2026\/01\/Green-and-White-Aesthetic-Handwritten-Scrapbook-Travel-Reminder-Quote-Carousel-Instagram-Post-1800-x-400-px-300x67.png 300w, https:\/\/shoebill-campervan.ca\/wp-content\/uploads\/2026\/01\/Green-and-White-Aesthetic-Handwritten-Scrapbook-Travel-Reminder-Quote-Carousel-Instagram-Post-1800-x-400-px-1024x228.png 1024w, https:\/\/shoebill-campervan.ca\/wp-content\/uploads\/2026\/01\/Green-and-White-Aesthetic-Handwritten-Scrapbook-Travel-Reminder-Quote-Carousel-Instagram-Post-1800-x-400-px-768x171.png 768w, https:\/\/shoebill-campervan.ca\/wp-content\/uploads\/2026\/01\/Green-and-White-Aesthetic-Handwritten-Scrapbook-Travel-Reminder-Quote-Carousel-Instagram-Post-1800-x-400-px-1536x341.png 1536w, https:\/\/shoebill-campervan.ca\/wp-content\/uploads\/2026\/01\/Green-and-White-Aesthetic-Handwritten-Scrapbook-Travel-Reminder-Quote-Carousel-Instagram-Post-1800-x-400-px-1320x293.png 1320w\" sizes=\"(max-width: 1800px) 100vw, 1800px\" \/><\/div><\/a>\n\t\t\t\t<div class=\"elementor-post__badge\">Astuces<\/div>\n\t\t\t\t<div class=\"elementor-post__text\">\n\t\t\t\t<h4 class=\"elementor-post__title\">\n\t\t\t<a href=\"https:\/\/shoebill-campervan.ca\/en\/2026\/01\/20\/5-spots-a-ne-pas-manquer-cet-ete-2026-edition-shoebill-campervan\/\" >\n\t\t\t\t5 Spots \u00e0 ne pas manquer cet \u00e9t\u00e9 2026 (\u00c9dition Shoebill Campervan)\t\t\t<\/a>\n\t\t<\/h4>\n\t\t\t\t<div class=\"elementor-post__excerpt\">\n\t\t\t<p>L\u2019\u00e9t\u00e9 2026 s\u2019annonce m\u00e9morable. Si tu pr\u00e9vois prendre la route, ralentir le rythme et d\u00e9couvrir des endroits qui valent vraiment<\/p>\n\t\t<\/div>\n\t\t\t\t\t<div class=\"elementor-post__read-more-wrapper\">\n\t\t\n\t\t<a class=\"elementor-post__read-more\" href=\"https:\/\/shoebill-campervan.ca\/en\/2026\/01\/20\/5-spots-a-ne-pas-manquer-cet-ete-2026-edition-shoebill-campervan\/\" aria-label=\"Read more about 5 Spots \u00e0 ne pas manquer cet \u00e9t\u00e9 2026 (\u00c9dition Shoebill Campervan)\" tabindex=\"-1\" >\n\t\t\tRead more \u00bb\t\t<\/a>\n\n\t\t\t\t\t<\/div>\n\t\t\t\t<\/div>\n\t\t\t\t\t<\/div>\n\t\t<\/article>\n\t\t\t\t<article class=\"elementor-post elementor-grid-item post-1274 post type-post status-publish format-standard has-post-thumbnail hentry category-astuces\" role=\"listitem\">\n\t\t\t<div class=\"elementor-post__card\">\n\t\t\t\t<a class=\"elementor-post__thumbnail__link\" href=\"https:\/\/shoebill-campervan.ca\/en\/2025\/09\/15\/la-vanlife-la-solution-ideal-pour-les-festivals-en-2025\/\" tabindex=\"-1\" ><div class=\"elementor-post__thumbnail\"><img loading=\"lazy\" decoding=\"async\" width=\"1920\" height=\"1280\" src=\"https:\/\/shoebill-campervan.ca\/wp-content\/uploads\/2025\/09\/Shoebill-Campervan-party-vanlife-feu-artifice-foule-soiree-danse.jpg\" class=\"attachment-full size-full wp-image-1283\" alt=\"\" srcset=\"https:\/\/shoebill-campervan.ca\/wp-content\/uploads\/2025\/09\/Shoebill-Campervan-party-vanlife-feu-artifice-foule-soiree-danse.jpg 1920w, https:\/\/shoebill-campervan.ca\/wp-content\/uploads\/2025\/09\/Shoebill-Campervan-party-vanlife-feu-artifice-foule-soiree-danse-300x200.jpg 300w, https:\/\/shoebill-campervan.ca\/wp-content\/uploads\/2025\/09\/Shoebill-Campervan-party-vanlife-feu-artifice-foule-soiree-danse-1024x683.jpg 1024w, https:\/\/shoebill-campervan.ca\/wp-content\/uploads\/2025\/09\/Shoebill-Campervan-party-vanlife-feu-artifice-foule-soiree-danse-768x512.jpg 768w, https:\/\/shoebill-campervan.ca\/wp-content\/uploads\/2025\/09\/Shoebill-Campervan-party-vanlife-feu-artifice-foule-soiree-danse-1536x1024.jpg 1536w, https:\/\/shoebill-campervan.ca\/wp-content\/uploads\/2025\/09\/Shoebill-Campervan-party-vanlife-feu-artifice-foule-soiree-danse-1320x880.jpg 1320w, https:\/\/shoebill-campervan.ca\/wp-content\/uploads\/2025\/09\/Shoebill-Campervan-party-vanlife-feu-artifice-foule-soiree-danse-600x400.jpg 600w\" sizes=\"(max-width: 1920px) 100vw, 1920px\" \/><\/div><\/a>\n\t\t\t\t<div class=\"elementor-post__badge\">Astuces<\/div>\n\t\t\t\t<div class=\"elementor-post__text\">\n\t\t\t\t<h4 class=\"elementor-post__title\">\n\t\t\t<a href=\"https:\/\/shoebill-campervan.ca\/en\/2025\/09\/15\/la-vanlife-la-solution-ideal-pour-les-festivals-en-2025\/\" >\n\t\t\t\tLa vanlife, la solution id\u00e9al pour les festivals en 2025 ?\t\t\t<\/a>\n\t\t<\/h4>\n\t\t\t\t<div class=\"elementor-post__excerpt\">\n\t\t\t<p>La vanlife, la solution id\u00e9al pour les festivals en 2025 ? Optimisez votre festival en partant en campervan \u00a0 Pourquoi<\/p>\n\t\t<\/div>\n\t\t\t\t\t<div class=\"elementor-post__read-more-wrapper\">\n\t\t\n\t\t<a class=\"elementor-post__read-more\" href=\"https:\/\/shoebill-campervan.ca\/en\/2025\/09\/15\/la-vanlife-la-solution-ideal-pour-les-festivals-en-2025\/\" aria-label=\"Read more about La vanlife, la solution id\u00e9al pour les festivals en 2025 ?\" tabindex=\"-1\" >\n\t\t\tRead more \u00bb\t\t<\/a>\n\n\t\t\t\t\t<\/div>\n\t\t\t\t<\/div>\n\t\t\t\t\t<\/div>\n\t\t<\/article>\n\t\t\t\t<article class=\"elementor-post elementor-grid-item post-1488 post type-post status-publish format-standard has-post-thumbnail hentry category-voyage\" role=\"listitem\">\n\t\t\t<div class=\"elementor-post__card\">\n\t\t\t\t<a class=\"elementor-post__thumbnail__link\" href=\"https:\/\/shoebill-campervan.ca\/en\/2024\/10\/15\/les-3-meilleures-randonnees-a-faire-au-quebec-en-2024\/\" tabindex=\"-1\" ><div class=\"elementor-post__thumbnail\"><img loading=\"lazy\" decoding=\"async\" width=\"1920\" height=\"1280\" src=\"https:\/\/shoebill-campervan.ca\/wp-content\/uploads\/2025\/12\/Article-de-blog-Les-meilleures-randonnees-a-faire-au-Quebec-cover-image.jpeg\" class=\"attachment-full size-full wp-image-1578\" alt=\"\" srcset=\"https:\/\/shoebill-campervan.ca\/wp-content\/uploads\/2025\/12\/Article-de-blog-Les-meilleures-randonnees-a-faire-au-Quebec-cover-image.jpeg 1920w, https:\/\/shoebill-campervan.ca\/wp-content\/uploads\/2025\/12\/Article-de-blog-Les-meilleures-randonnees-a-faire-au-Quebec-cover-image-300x200.jpeg 300w, https:\/\/shoebill-campervan.ca\/wp-content\/uploads\/2025\/12\/Article-de-blog-Les-meilleures-randonnees-a-faire-au-Quebec-cover-image-1024x683.jpeg 1024w, https:\/\/shoebill-campervan.ca\/wp-content\/uploads\/2025\/12\/Article-de-blog-Les-meilleures-randonnees-a-faire-au-Quebec-cover-image-768x512.jpeg 768w, https:\/\/shoebill-campervan.ca\/wp-content\/uploads\/2025\/12\/Article-de-blog-Les-meilleures-randonnees-a-faire-au-Quebec-cover-image-1536x1024.jpeg 1536w, https:\/\/shoebill-campervan.ca\/wp-content\/uploads\/2025\/12\/Article-de-blog-Les-meilleures-randonnees-a-faire-au-Quebec-cover-image-1320x880.jpeg 1320w, https:\/\/shoebill-campervan.ca\/wp-content\/uploads\/2025\/12\/Article-de-blog-Les-meilleures-randonnees-a-faire-au-Quebec-cover-image-600x400.jpeg 600w\" sizes=\"(max-width: 1920px) 100vw, 1920px\" \/><\/div><\/a>\n\t\t\t\t<div class=\"elementor-post__badge\">Voyage<\/div>\n\t\t\t\t<div class=\"elementor-post__text\">\n\t\t\t\t<h4 class=\"elementor-post__title\">\n\t\t\t<a href=\"https:\/\/shoebill-campervan.ca\/en\/2024\/10\/15\/les-3-meilleures-randonnees-a-faire-au-quebec-en-2024\/\" >\n\t\t\t\tLes 3 meilleures randonn\u00e9es \u00e0 faire au Qu\u00e9bec en 2024\t\t\t<\/a>\n\t\t<\/h4>\n\t\t\t\t<div class=\"elementor-post__excerpt\">\n\t\t\t<h1 style=\"text-align: justify;\"><span class=\"h2-fs\">Les meilleures randos au Qu\u00e9bec&nbsp;<\/span><\/h1>\n<p style=\"text-align: justify;\">Ah, le Qu\u00e9bec ! Une province o\u00f9 la nature s\u2019\u00e9panouit dans toute sa splendeur. Si vous \u00eates un amateur de randonn\u00e9e, vous \u00eates au bon endroit. Que vous soyez un randonneur d\u00e9butant ou un aventurier aguerri, le Qu\u00e9bec regorge de sentiers qui vous feront vibrer. Voici quelques-unes des meilleures randonn\u00e9es \u00e0 ne pas manquer !<\/p>\n<h2 style=\"text-align: justify;\">1.Une randonn\u00e9e de niveau facile et accessible: Mont-Tremblant<\/h2>\n<p style=\"text-align: justify;\">Si vous cherchez une randonn\u00e9e tranquille qui vous permettra de vous immerger dans la beaut\u00e9 de la nature, ne cherchez pas plus loin que<a href=\"https:\/\/www.alltrails.com\/fr\/ar\/randonnee\/canada\/quebec\/sentier-des-chutes-croches\" target=\"_blank\"><strong> Chute Croche.<\/strong><\/a> Situ\u00e9e au c\u0153ur du parc national du Mont-Tremblant, et &nbsp;proche des Chutes du Diable \u00e9galement, cette randonn\u00e9e facile vous m\u00e8ne \u00e0 une magnifique cascade.&nbsp;<\/p>\n<section class=\"s_text_image pt32 pb32 o_colored_level\" data-snippet=\"s_text_image\" data-name=\"Texte - Image\" style=\"background-image: none;\">\n<div class=\"container\">\n<div class=\"row o_grid_mode\" data-row-count=\"7\">\n<div class=\"o_colored_level o_grid_item g-col-lg-6 g-height-7 col-lg-6 o_grid_item_image\" style=\"grid-row-start: 1; grid-column-start: 7; grid-row-end: 8; grid-column-end: 13; z-index: 2;\"><img decoding=\"async\" src=\"\/web\/image\/8728-a94dd081\/pexels-biren-negi-581272-28913617.jpg?access_token=ca6d3cac-a3f2-4240-9872-9e93706228c5\" alt=\"\" class=\"img img-fluid mx-auto o_we_custom_image o_we_image_cropped\" data-mimetype=\"image\/webp\" data-original-id=\"8727\" data-original-src=\"\/web\/image\/8727-63231112\/pexels-biren-negi-581272-28913617.jpg\" data-mimetype-before-conversion=\"image\/jpeg\" data-y=\"79.30434782608695\" data-width=\"1440\" data-height=\"1256.2217259950085\" data-scale-x=\"1\" data-scale-y=\"1\" data-aspect-ratio=\"0\/0\" loading=\"lazy\"><\/div>\n<div class=\"o_colored_level o_grid_item g-col-lg-6 g-height-6 col-lg-6\" style=\"z-index: 1; grid-row-start: 1; grid-column-start: 1; grid-row-end: 7; grid-column-end: 7;\">\n<p style=\"text-align: justify;\">Beaucoup&nbsp;randonneurs soulignent souvent la s\u00e9r\u00e9nit\u00e9 des lieux et la beaut\u00e9 des paysages environnants.&nbsp;<\/p>\n<p style=\"text-align: justify;\">Vous serez \u00e9merveillez par son cadre tranquille et ses belles chutes d&#8217;eau.<\/p>\n<p style=\"text-align: justify;\">N\u2019oubliez pas votre appareil photo, car les opportunit\u00e9s de clich\u00e9s sont infinies !<\/p>\n<\/p><\/div>\n<\/div><\/div>\n<\/section>\n<p style=\"text-align: justify;\"><\/p>\n<h2 style=\"text-align: justify;\">2.Une randonn\u00e9e de niveau mod\u00e9r\u00e9e&nbsp;et accessible : le Sentier des Loup&nbsp;<\/h2>\n<p style=\"text-align: justify;\">Pour ceux qui souhaitent un peu plus de d\u00e9fi sans se sentir submerg\u00e9s, le <a href=\"https:\/\/www.alltrails.com\/fr\/ar\/randonnee\/canada\/quebec\/sentier-les-loups\" target=\"_blank\">Sentier Les Loups<\/a> dans le parc national de la Jacques-Cartier est un excellent choix. Nous l&#8217;avons mentionn\u00e9s dans <a href=\"\/parcours-saguenay-gaspesie\" data-bs-original-title=\"\" title=\"\">le parcours Saguenay &#8211; Gasp\u00e9sie<\/a>.&nbsp;<\/p>\n<section class=\"s_text_image pt32 o_colored_level pb4\" data-snippet=\"s_text_image\" data-name=\"Texte - Image\" style=\"background-image: none;\">\n<div class=\"container\">\n<div class=\"row align-items-center\">\n<div class=\"col-lg-6 pb16 o_colored_level pt0\">\n<p style=\"text-align: justify;\">Ce sentier mod\u00e9r\u00e9 offre une mont\u00e9e progressive qui vous r\u00e9compense avec des vues imprenables sur la vall\u00e9e. Les randonneurs appr\u00e9cient particuli\u00e8rement la diversit\u00e9 des paysages et la chance d\u2019apercevoir la faune locale<\/p>\n<p style=\"text-align: justify;\">C\u2019est une randonn\u00e9e qui vous fera transpirer un peu, mais qui vous laissera des souvenirs m\u00e9morables. N\u2019oubliez pas de prendre le temps d\u2019admirer la vue au sommet !<\/p>\n<\/p><\/div>\n<div class=\"col-lg-6 pb16 o_colored_level pt0\">\n                    <img decoding=\"async\" src=\"\/web\/image\/8732-3428545e\/pexels-clement-proust-363898785-14507320.jpg?access_token=bc632ebd-af82-4dfa-b833-e36fbc12b2da\" alt=\"\" class=\"img img-fluid mx-auto o_we_custom_image o_we_image_cropped\" data-mimetype=\"image\/webp\" data-original-id=\"8729\" data-original-src=\"\/web\/image\/8729-07abc419\/pexels-clement-proust-363898785-14507320.jpg\" data-mimetype-before-conversion=\"image\/jpeg\" data-width=\"1280\" data-height=\"1593.1914893617025\" data-scale-x=\"1\" data-scale-y=\"1\" data-aspect-ratio=\"0\/0\">\n                <\/div>\n<\/p><\/div>\n<\/p><\/div>\n<\/section>\n<p style=\"text-align: justify;\"><\/p>\n<p style=\"text-align: justify;\"><\/p>\n<h2 style=\"text-align: justify;\">3.Une randonn\u00e9e de niveau difficile&nbsp;et accessible :&nbsp;Acropole des Draveurs (Hautes-Gorges)<\/h2>\n<p style=\"text-align: justify;\">Pour les aventuriers en qu\u00eate de sensations fortes, l\u2019Acropole des Draveurs est un incontournable. Situ\u00e9 en r\u00e9gion Charlevoix, cette randonn\u00e9e difficile est un v\u00e9ritable d\u00e9fi, mais les panoramas \u00e0 couper le souffle en valent largement la peine. Les avis des randonneurs parlent souvent de la mont\u00e9e exigeante, mais aussi de la satisfaction immense d\u2019atteindre le sommet. Une fois l\u00e0-haut, vous serez r\u00e9compens\u00e9 par une vue spectaculaire sur les Hautes-Gorges et la rivi\u00e8re Malbaie. Pr\u00e9parez-vous \u00e0 \u00eatre \u00e9merveill\u00e9 !<\/p>\n<section class=\"s_picture o_colored_level o_cc o_cc1 pt0 pb0\" data-snippet=\"s_picture\" data-name=\"Image\">\n<div class=\"container\">\n<p style=\"text-align: center;\"><\/p>\n<div class=\"row s_nb_column_fixed\">\n<div class=\"col-lg-10 offset-lg-1 o_colored_level pb4\" style=\"text-align: center;\">\n<figure class=\"figure\">\n                        <img decoding=\"async\" src=\"\/web\/image\/8731-f2c1ae74\/Parc%20national%20des%20Hautes-Gorges-de-la-Rivie%CC%80re-Malbaie%20-%20Parcs%20nationaux.jpg?access_token=c9b752cb-3d39-482f-b074-ffa8cd774684\" alt=\"\" class=\"figure-img img-fluid padding-large img o_we_custom_image\" data-mimetype=\"image\/webp\" data-original-id=\"8730\" data-original-src=\"\/web\/image\/8730-183d6d51\/Parc%20national%20des%20Hautes-Gorges-de-la-Rivie%CC%80re-Malbaie%20-%20Parcs%20nationaux.jpg\" data-mimetype-before-conversion=\"image\/jpeg\" data-resize-width=\"690\"><figcaption class=\"figure-caption text-muted py-3\">\n<p>(<a href=\"https:\/\/www.sepaq.com\/pq\/hgo\/annexes\/acropole-draveurs-renseignements-importants.dot?language_id=2\" target=\"_blank\" class=\"o_link_in_selection\">Parc national des Hautes-Gorges-de-la-Rivi\u00e8re-Malbaie<\/a>)<\/p>\n<\/figcaption><\/figure>\n<\/p><\/div>\n<\/p><\/div>\n<\/p><\/div>\n<\/section>\n<p style=\"text-align: justify;\"><\/p>\n<p style=\"text-align: center;\">Que vous choisissiez une randonn\u00e9e facile, mod\u00e9r\u00e9e ou difficile, le Qu\u00e9bec a quelque chose \u00e0 offrir \u00e0 chaque amoureux de la nature. Alors, enfilez vos chaussures de randonn\u00e9e, pr\u00e9parez votre sac \u00e0 dos et partez \u00e0 la d\u00e9couverte de ces magnifiques sentiers. La nature vous attend, et elle est pr\u00eate \u00e0 vous \u00e9merveiller !&nbsp;<\/p>\n\t\t<\/div>\n\t\t\t\t\t<div class=\"elementor-post__read-more-wrapper\">\n\t\t\n\t\t<a class=\"elementor-post__read-more\" href=\"https:\/\/shoebill-campervan.ca\/en\/2024\/10\/15\/les-3-meilleures-randonnees-a-faire-au-quebec-en-2024\/\" aria-label=\"Read more about Les 3 meilleures randonn\u00e9es \u00e0 faire au Qu\u00e9bec en 2024\" tabindex=\"-1\" >\n\t\t\tRead more \u00bb\t\t<\/a>\n\n\t\t\t\t\t<\/div>\n\t\t\t\t<\/div>\n\t\t\t\t\t<\/div>\n\t\t<\/article>\n\t\t\t\t<article class=\"elementor-post elementor-grid-item post-1344 post type-post status-publish format-standard has-post-thumbnail hentry category-astuces category-voyage\" role=\"listitem\">\n\t\t\t<div class=\"elementor-post__card\">\n\t\t\t\t<a class=\"elementor-post__thumbnail__link\" href=\"https:\/\/shoebill-campervan.ca\/en\/2024\/10\/11\/comment-bien-utiliser-votre-shoebill-campervan\/\" tabindex=\"-1\" ><div class=\"elementor-post__thumbnail\"><img loading=\"lazy\" decoding=\"async\" width=\"1600\" height=\"1200\" src=\"https:\/\/shoebill-campervan.ca\/wp-content\/uploads\/2025\/12\/Article-de-blog-Comment-bien-utiliser-votre-Shoebill-campervan-_-cover-image.jpeg\" class=\"attachment-full size-full wp-image-1577\" alt=\"\" srcset=\"https:\/\/shoebill-campervan.ca\/wp-content\/uploads\/2025\/12\/Article-de-blog-Comment-bien-utiliser-votre-Shoebill-campervan-_-cover-image.jpeg 1600w, https:\/\/shoebill-campervan.ca\/wp-content\/uploads\/2025\/12\/Article-de-blog-Comment-bien-utiliser-votre-Shoebill-campervan-_-cover-image-300x225.jpeg 300w, https:\/\/shoebill-campervan.ca\/wp-content\/uploads\/2025\/12\/Article-de-blog-Comment-bien-utiliser-votre-Shoebill-campervan-_-cover-image-1024x768.jpeg 1024w, https:\/\/shoebill-campervan.ca\/wp-content\/uploads\/2025\/12\/Article-de-blog-Comment-bien-utiliser-votre-Shoebill-campervan-_-cover-image-768x576.jpeg 768w, https:\/\/shoebill-campervan.ca\/wp-content\/uploads\/2025\/12\/Article-de-blog-Comment-bien-utiliser-votre-Shoebill-campervan-_-cover-image-1536x1152.jpeg 1536w, https:\/\/shoebill-campervan.ca\/wp-content\/uploads\/2025\/12\/Article-de-blog-Comment-bien-utiliser-votre-Shoebill-campervan-_-cover-image-1320x990.jpeg 1320w, https:\/\/shoebill-campervan.ca\/wp-content\/uploads\/2025\/12\/Article-de-blog-Comment-bien-utiliser-votre-Shoebill-campervan-_-cover-image-600x450.jpeg 600w\" sizes=\"(max-width: 1600px) 100vw, 1600px\" \/><\/div><\/a>\n\t\t\t\t<div class=\"elementor-post__badge\">Astuces<\/div>\n\t\t\t\t<div class=\"elementor-post__text\">\n\t\t\t\t<h4 class=\"elementor-post__title\">\n\t\t\t<a href=\"https:\/\/shoebill-campervan.ca\/en\/2024\/10\/11\/comment-bien-utiliser-votre-shoebill-campervan\/\" >\n\t\t\t\tComment bien utiliser votre Shoebill campervan ?\t\t\t<\/a>\n\t\t<\/h4>\n\t\t\t\t<div class=\"elementor-post__excerpt\">\n\t\t\t<p style=\"text-align: justify;\">Nos vans sont con\u00e7us pour \u00eatre pratiques et simples \u00e0 utiliser. Nous offrons des guides pour chaque voyage avec nos Shoebill Campervans.&nbsp;<\/p>\n<p style=\"text-align: justify;\">Voici un tr\u00e8s rapide aper\u00e7u des \u00e9l\u00e9ments essentiels pour profiter pleinement de votre road trip.<\/p>\n<h4 style=\"text-align: justify;\"><strong>\u00c0 l\u2019ext\u00e9rieur du van :<\/strong><\/h4>\n<ul>\n<li style=\"text-align: justify;\"><strong>Cam\u00e9ra de recul<\/strong>&nbsp;: Automatique pour reculer facilement, ou manuel avec l&#8217;option &#8220;Front CAM&#8221;.<\/li>\n<\/ul>\n<p style=\"text-align: right;\"><img><img><img decoding=\"async\" class=\"img-fluid\" data-file-name=\"Capture d\u2019e\u0301cran 2024-10-11 a\u0300 11.35.41.png\" src=\"\/web\/image\/8661-d32b30b0\/Capture%20d%E2%80%99e%CC%81cran%202024-10-11%20a%CC%80%2011.35.41.png?access_token=83ef4fd2-1eba-4e38-8326-3e94b0100f3d\"><\/p>\n<ul>\n<li style=\"text-align: justify;\"><strong>R\u00e9servoir d\u2019eau<\/strong>&nbsp;: Capacit\u00e9 de 94 litres, \u00e0 remplir facilement aux aires de camping. L&#8217;eau n&#8217;est pas potable mais parfaite pour cuisiner et se laver.<\/li>\n<\/ul>\n<p style=\"text-align: right;\"><img decoding=\"async\" class=\"img-fluid\" data-file-name=\"Capture d\u2019e\u0301cran 2024-10-11 a\u0300 11.44.31.png\" src=\"\/web\/image\/8664-cd0fb124\/Capture%20d%E2%80%99e%CC%81cran%202024-10-11%20a%CC%80%2011.44.31.png?access_token=5a734ac2-31af-4577-a033-040940687012\"><\/p>\n<ul>\n<li style=\"text-align: justify;\"><strong>Glaci\u00e8re non-\u00e9lectrique<\/strong>&nbsp;: Garde vos aliments frais pendant 2 \u00e0 3 jours, id\u00e9ale avec des blocs de glace.<\/li>\n<\/ul>\n<p style=\"text-align: right;\"><img decoding=\"async\" class=\"img-fluid\" data-file-name=\"Capture d\u2019e\u0301cran 2024-10-11 a\u0300 11.46.14.png\" src=\"\/web\/image\/8665-9560f8f0\/Capture%20d%E2%80%99e%CC%81cran%202024-10-11%20a%CC%80%2011.46.14.png?access_token=e560be39-c48a-450d-b695-b2dd55f30c44\"><\/p>\n<ul>\n<li style=\"text-align: justify;\"><strong>Panneaux solaires<\/strong>&nbsp;: Recharge de la batterie pour alimenter les accessoires \u00e9lectriques pendant votre voyage.<img><\/li>\n<\/ul>\n<p style=\"text-align: right;\"><img decoding=\"async\" class=\"img-fluid\" data-file-name=\"Capture d\u2019e\u0301cran 2024-10-11 a\u0300 11.49.46.png\" src=\"\/web\/image\/8660-10a590bf\/Capture%20d%E2%80%99e%CC%81cran%202024-10-11%20a%CC%80%2011.49.46.png?access_token=10a4586f-5380-48fd-852c-46da7eb4ad05\"><\/p>\n<ul>\n<li style=\"text-align: justify;\"><strong>Toit avec d\u00f4mes et ventilation<\/strong>&nbsp;: Ventilation \u00e9lectrique pour maintenir une bonne atmosph\u00e8re dans le van.<\/li>\n<\/ul>\n<p><\/p>\n<h4 style=\"text-align: justify;\"><strong>\u00c0 l\u2019int\u00e9rieur du van :<\/strong><\/h4>\n<ul>\n<li style=\"text-align: justify;\"><strong>Conduite<\/strong>&nbsp;: Automatique, avec un levier facile \u00e0 utiliser. Activez la recharge de la batterie pendant la conduite gr\u00e2ce \u00e0 un interrupteur d\u00e9di\u00e9.<\/li>\n<\/ul>\n<p style=\"text-align: right;\"><img decoding=\"async\" class=\"img-fluid\" data-file-name=\"Capture d\u2019e\u0301cran 2024-10-11 a\u0300 11.50.56.png\" src=\"\/web\/image\/8659-0942f2ae\/Capture%20d%E2%80%99e%CC%81cran%202024-10-11%20a%CC%80%2011.50.56.png?access_token=449dfb69-7b5d-4f6f-99c9-cb15ab83372e\"><\/p>\n<ul>\n<li style=\"text-align: justify;\"><strong>\u00c9clairage LED et prises USB<\/strong>&nbsp;: Lumi\u00e8re d&#8217;ambiance \u00e0 l&#8217;int\u00e9rieur et ports USB pour recharger vos petits appareils.<\/li>\n<\/ul>\n<p style=\"text-align: right;\"><img decoding=\"async\" class=\"img-fluid\" data-file-name=\"Capture d\u2019e\u0301cran 2024-10-11 a\u0300 11.54.43.png\" src=\"\/web\/image\/8662-4e0634f7\/Capture%20d%E2%80%99e%CC%81cran%202024-10-11%20a%CC%80%2011.54.43.png?access_token=3d94dba5-54ca-44a7-b9a1-73b4283d4a02\"><\/p>\n<ul>\n<li style=\"text-align: justify;\"><strong>Literie compl\u00e8te<\/strong>&nbsp;: Oreillers, draps et couvertures sont fournis pour vous assurer un sommeil confortable.<\/li>\n<\/ul>\n<p style=\"text-align: right;\"><img decoding=\"async\" class=\"img-fluid\" data-file-name=\"Capture d\u2019e\u0301cran 2024-10-11 a\u0300 11.59.13.png\" src=\"\/web\/image\/8663-e210f6b3\/Capture%20d%E2%80%99e%CC%81cran%202024-10-11%20a%CC%80%2011.59.13.png?access_token=a478a528-03a5-48a8-a134-5d4e84b19365\"><\/p>\n<p style=\"text-align: justify;\"><\/p>\n<p style=\"text-align: justify;\">Chaque van est \u00e9quip\u00e9 pour r\u00e9pondre \u00e0 vos besoins sur la route, que vous soyez un novice ou un habitu\u00e9 de la van life.<\/p>\n<p><strong>Vous avez encore des questions ?<\/strong>&nbsp;Consultez le guide inclus dans votre van ou contactez-nous en cas de besoin !<\/p>\n\t\t<\/div>\n\t\t\t\t\t<div class=\"elementor-post__read-more-wrapper\">\n\t\t\n\t\t<a class=\"elementor-post__read-more\" href=\"https:\/\/shoebill-campervan.ca\/en\/2024\/10\/11\/comment-bien-utiliser-votre-shoebill-campervan\/\" aria-label=\"Read more about Comment bien utiliser votre Shoebill campervan ?\" tabindex=\"-1\" >\n\t\t\tRead more \u00bb\t\t<\/a>\n\n\t\t\t\t\t<\/div>\n\t\t\t\t<\/div>\n\t\t\t\t\t<\/div>\n\t\t<\/article>\n\t\t\t\t<article class=\"elementor-post elementor-grid-item post-1491 post type-post status-publish format-standard has-post-thumbnail hentry category-voyage\" role=\"listitem\">\n\t\t\t<div class=\"elementor-post__card\">\n\t\t\t\t<a class=\"elementor-post__thumbnail__link\" href=\"https:\/\/shoebill-campervan.ca\/en\/2024\/10\/10\/cooking-and-chill-dans-un-campervan-ca-donne-quoi\/\" tabindex=\"-1\" ><div class=\"elementor-post__thumbnail\"><img loading=\"lazy\" decoding=\"async\" width=\"736\" height=\"981\" src=\"https:\/\/shoebill-campervan.ca\/wp-content\/uploads\/2025\/12\/Article-de-blog-Cooking-and-chill-dans-un-campervan-ca-donne-quoi_-cover-image.jpeg\" class=\"attachment-full size-full wp-image-1576\" alt=\"\" srcset=\"https:\/\/shoebill-campervan.ca\/wp-content\/uploads\/2025\/12\/Article-de-blog-Cooking-and-chill-dans-un-campervan-ca-donne-quoi_-cover-image.jpeg 736w, https:\/\/shoebill-campervan.ca\/wp-content\/uploads\/2025\/12\/Article-de-blog-Cooking-and-chill-dans-un-campervan-ca-donne-quoi_-cover-image-225x300.jpeg 225w, https:\/\/shoebill-campervan.ca\/wp-content\/uploads\/2025\/12\/Article-de-blog-Cooking-and-chill-dans-un-campervan-ca-donne-quoi_-cover-image-600x800.jpeg 600w\" sizes=\"(max-width: 736px) 100vw, 736px\" \/><\/div><\/a>\n\t\t\t\t<div class=\"elementor-post__badge\">Voyage<\/div>\n\t\t\t\t<div class=\"elementor-post__text\">\n\t\t\t\t<h4 class=\"elementor-post__title\">\n\t\t\t<a href=\"https:\/\/shoebill-campervan.ca\/en\/2024\/10\/10\/cooking-and-chill-dans-un-campervan-ca-donne-quoi\/\" >\n\t\t\t\tCooking and chill dans un campervan \u00e7a donne quoi?\t\t\t<\/a>\n\t\t<\/h4>\n\t\t\t\t<div class=\"elementor-post__excerpt\">\n\t\t\t<p class=\"o_default_snippet_text\"><\/p>\n<p class=\"o_default_snippet_text\" style=\"text-align: justify;\">Ok \u00e7a se rafra\u00eechi on, te d\u00e9voile pour&nbsp;quelques recette \u00e0 faire en campervan, si tu meurs d&#8217;un repas chaud !<\/p>\n<h2><strong>1.Soupe de courge r\u00f4tie<\/strong>&nbsp;<\/p>\n<ul><\/ul>\n<\/h2>\n<h3><strong>Pr\u00e9paration<\/strong>&nbsp;<\/h3>\n<p>Coupez une courge butternut, des carottes et un oignon en morceaux. Faites-les r\u00f4tir avec un filet d\u2019huile d\u2019olive, sel et poivre au four ou \u00e0 feu doux pendant 30 minutes. Ensuite, mixez les l\u00e9gumes r\u00f4tis avec du bouillon de l\u00e9gumes. Faites mijoter quelques minutes et ajustez l\u2019assaisonnement.<\/p>\n<ol>\n<li class=\"oe-nested\">\n<ul>\n<li style=\"text-align: justify;\"><strong>Astuce<\/strong>&nbsp;: ajoutez une pinc\u00e9e de muscade pour un go\u00fbt plus automnal.<\/li>\n<\/ul>\n<\/li>\n<\/ol>\n<section class=\"s_picture pb24 o_colored_level o_cc o_cc1 pt0\" data-snippet=\"s_picture\" data-name=\"Image\">\n<div class=\"container\">\n<p style=\"text-align: center;\"><\/p>\n<div class=\"row s_nb_column_fixed\">\n<div class=\"col-lg-10 offset-lg-1 o_colored_level pb0\" style=\"text-align: center;\">\n<figure class=\"figure\">\n                        <img decoding=\"async\" src=\"\/web\/image\/8607-43aea813\/Recette%20nume%CC%81rique%20de%20soupe%20a%CC%80%20la%20courge%20musque%CC%81e%20facile%20a%CC%80%20te%CC%81le%CC%81charger%2C%20belles%20recettes%20PDF%20imprimables%20pour%20un%20di%CC%82ner%20rapide.jpg?access_token=bbcfd458-f22d-4254-9bc5-065abde6f634\" alt=\"\" class=\"figure-img img-fluid padding-large img o_we_custom_image\" loading=\"lazy\"><figcaption class=\"figure-caption text-muted py-3 o_default_snippet_text\"><\/figcaption><\/figure>\n<\/p><\/div>\n<\/p><\/div>\n<\/p><\/div>\n<\/section>\n<h2><strong>2.Rago\u00fbt de lentilles et l\u00e9gumes racines<\/strong>&nbsp;<\/p>\n<ul><\/ul>\n<\/h2>\n<h3><strong>Pr\u00e9paration<\/strong>&nbsp;<\/h3>\n<p>Dans une grande casserole, faites revenir des oignons avec de l\u2019ail. Ajoutez des lentilles, des carottes, des pommes de terre et des patates douces en cubes. Couvrez avec du bouillon de l\u00e9gumes, assaisonnez et laissez mijoter 30-40 minutes jusqu&#8217;\u00e0 ce que les lentilles soient tendres.<\/p>\n<ol>\n<li class=\"oe-nested\">\n<ul>\n<li><strong>Astuce<\/strong>&nbsp;: Ajoutez des herbes de Provence pour relever les saveurs. et des saucisses pour donner du go\u00fbt !<\/li>\n<\/ul>\n<\/li>\n<\/ol>\n<section class=\"s_picture o_colored_level o_cc o_cc1 pt4 pb0\" data-snippet=\"s_picture\" data-name=\"Image\">\n<div class=\"container\">\n<p style=\"text-align: center;\"><\/p>\n<div class=\"row s_nb_column_fixed\">\n<div class=\"col-lg-10 offset-lg-1 o_colored_level pb0\" style=\"text-align: center;\">\n<figure class=\"figure\">\n                        <img decoding=\"async\" src=\"\/web\/image\/8610-c5e955b9\/Ragou%CC%82t%20de%20lentilles%20%26%20le%CC%81gumes%20d%C2%B4e%CC%81te%CC%81.jpg?access_token=81f1898c-17eb-428f-9353-dd3606977743\" alt=\"\" class=\"figure-img img-fluid padding-large img o_we_custom_image\" data-mimetype=\"image\/webp\" data-original-id=\"8608\" data-original-src=\"\/web\/image\/8608-dfd37a5a\/Ragou%CC%82t%20de%20lentilles%20%26%20le%CC%81gumes%20d%C2%B4e%CC%81te%CC%81.jpg\" data-mimetype-before-conversion=\"image\/jpeg\" data-resize-width=\"690\" loading=\"lazy\"><figcaption class=\"figure-caption text-muted py-3 o_default_snippet_text\"><\/figcaption><\/figure>\n<\/p><\/div>\n<\/p><\/div>\n<\/p><\/div>\n<\/section>\n<p><\/p>\n<ol>\n<h2 style=\"text-align: justify;\"><strong>3.Po\u00eal\u00e9e d\u2019automne aux champignons et patates douces<\/strong><\/h2>\n<\/ol>\n<h3 style=\"text-align: justify;\"><strong>Pr\u00e9paration<\/strong><\/h3>\n<p style=\"text-align: justify;\">Coupez les patates douces en petits d\u00e9s et faites-les revenir dans une po\u00eale avec un peu d&#8217;huile d&#8217;olive jusqu&#8217;\u00e0 ce qu&#8217;elles soient dor\u00e9es (environ 10 minutes). Ajoutez l\u2019oignon \u00e9minc\u00e9 et les champignons coup\u00e9s en morceaux, puis faites sauter le tout. Assaisonnez avec du thym, sel et poivre, et laissez mijoter quelques minutes jusqu\u2019\u00e0 ce que les champignons soient tendres.&nbsp;<\/p>\n<section class=\"s_picture o_colored_level o_cc o_cc1 pt4 pb4\" data-snippet=\"s_picture\" data-name=\"Image\">\n<div class=\"container\">\n<p><\/p>\n<div class=\"row s_nb_column_fixed\">\n<div class=\"col-lg-10 offset-lg-1 pb24 o_colored_level\" style=\"text-align: center;\">\n<figure class=\"figure\">\n                        <img decoding=\"async\" src=\"\/web\/image\/8611-2e50ce1c\/Pommes%20de%20terre%20sue%CC%81doises%20croustillantes%20a%CC%80%20l%E2%80%99ail%20et%20aux%20herbes.jpg?access_token=20913c45-385d-4fd6-9e8f-65a9e34bc50b\" alt=\"\" class=\"figure-img img-fluid padding-large img o_we_custom_image\" data-mimetype=\"image\/webp\" data-original-id=\"8609\" data-original-src=\"\/web\/image\/8609-e05e334b\/Pommes%20de%20terre%20sue%CC%81doises%20croustillantes%20a%CC%80%20l%E2%80%99ail%20et%20aux%20herbes.jpg\" data-mimetype-before-conversion=\"image\/jpeg\" data-resize-width=\"690\" loading=\"lazy\"><\/figure>\n<\/div><\/div>\n<\/p><\/div>\n<\/section>\n<p>Ces recettes r\u00e9confortantes utilisent des ingr\u00e9dients de saison et sont parfaites pour cuisiner en pleine nature avec le minimum ! <\/p>\n<p>On t&#8217;offre un bonus si tu veux conna\u00eetre notre recette Vegan organic chilli.<\/p>\n\t\t<\/div>\n\t\t\t\t\t<div class=\"elementor-post__read-more-wrapper\">\n\t\t\n\t\t<a class=\"elementor-post__read-more\" href=\"https:\/\/shoebill-campervan.ca\/en\/2024\/10\/10\/cooking-and-chill-dans-un-campervan-ca-donne-quoi\/\" aria-label=\"Read more about Cooking and chill dans un campervan \u00e7a donne quoi?\" tabindex=\"-1\" >\n\t\t\tRead more \u00bb\t\t<\/a>\n\n\t\t\t\t\t<\/div>\n\t\t\t\t<\/div>\n\t\t\t\t\t<\/div>\n\t\t<\/article>\n\t\t\t\t<article class=\"elementor-post elementor-grid-item post-1492 post type-post status-publish format-standard has-post-thumbnail hentry category-astuces category-bons-plans category-non-classe category-voyage\" role=\"listitem\">\n\t\t\t<div class=\"elementor-post__card\">\n\t\t\t\t<a class=\"elementor-post__thumbnail__link\" href=\"https:\/\/shoebill-campervan.ca\/en\/2024\/10\/04\/conseils-du-jour-pour-ton-road-trip-en-campervan\/\" tabindex=\"-1\" ><div class=\"elementor-post__thumbnail\"><img loading=\"lazy\" decoding=\"async\" width=\"1920\" height=\"1080\" src=\"https:\/\/shoebill-campervan.ca\/wp-content\/uploads\/2025\/12\/Article-de-blog-Conseils-du-jour-pour-ton-road-trip-en-campervan-cover-image.jpeg\" class=\"attachment-full size-full wp-image-1575\" alt=\"\" srcset=\"https:\/\/shoebill-campervan.ca\/wp-content\/uploads\/2025\/12\/Article-de-blog-Conseils-du-jour-pour-ton-road-trip-en-campervan-cover-image.jpeg 1920w, https:\/\/shoebill-campervan.ca\/wp-content\/uploads\/2025\/12\/Article-de-blog-Conseils-du-jour-pour-ton-road-trip-en-campervan-cover-image-300x169.jpeg 300w, https:\/\/shoebill-campervan.ca\/wp-content\/uploads\/2025\/12\/Article-de-blog-Conseils-du-jour-pour-ton-road-trip-en-campervan-cover-image-1024x576.jpeg 1024w, https:\/\/shoebill-campervan.ca\/wp-content\/uploads\/2025\/12\/Article-de-blog-Conseils-du-jour-pour-ton-road-trip-en-campervan-cover-image-768x432.jpeg 768w, https:\/\/shoebill-campervan.ca\/wp-content\/uploads\/2025\/12\/Article-de-blog-Conseils-du-jour-pour-ton-road-trip-en-campervan-cover-image-1536x864.jpeg 1536w, https:\/\/shoebill-campervan.ca\/wp-content\/uploads\/2025\/12\/Article-de-blog-Conseils-du-jour-pour-ton-road-trip-en-campervan-cover-image-1320x743.jpeg 1320w, https:\/\/shoebill-campervan.ca\/wp-content\/uploads\/2025\/12\/Article-de-blog-Conseils-du-jour-pour-ton-road-trip-en-campervan-cover-image-600x338.jpeg 600w\" sizes=\"(max-width: 1920px) 100vw, 1920px\" \/><\/div><\/a>\n\t\t\t\t<div class=\"elementor-post__badge\">Astuces<\/div>\n\t\t\t\t<div class=\"elementor-post__text\">\n\t\t\t\t<h4 class=\"elementor-post__title\">\n\t\t\t<a href=\"https:\/\/shoebill-campervan.ca\/en\/2024\/10\/04\/conseils-du-jour-pour-ton-road-trip-en-campervan\/\" >\n\t\t\t\tConseils du jour pour ton road trip en campervan\t\t\t<\/a>\n\t\t<\/h4>\n\t\t\t\t<div class=\"elementor-post__excerpt\">\n\t\t\t<section class=\"s_parallax parallax s_parallax_is_fixed bg-black-50 o_half_screen_height o_colored_level\" data-scroll-background-ratio=\"1\" data-snippet=\"s_parallax\" data-name=\"Parallaxe\" style=\"background-image: none;\">\n        <span class=\"s_parallax_bg oe_img_bg o_bg_img_center\" style='background-image: url(\"\/unsplash\/NCRlqW_jkIQ\/dry clothes .jpg?unique=df9123e5\"); background-position: 50% 75%;'><\/span><\/p>\n<div class=\"o_we_bg_filter bg-black-50\"><\/div>\n<div class=\"oe_structure oe_empty\">\n<section class=\"s_text_block pt40 pb40 o_colored_level\" data-snippet=\"s_text_block\" data-name=\"Texte\" style=\"background-image: none;\">\n<div class=\"container s_allow_columns\">\n<h2 style=\"text-align: center;\">L&#8217;un des conseils du jour : fais s\u00e9cher ton linge dehors<\/h2>\n<p style=\"text-align: center;\">Comment am\u00e9liorer ton exp\u00e9rience road trip ?&nbsp;<\/p>\n<p style=\"text-align: center;\">Vivre dans un van c&#8217;est un peu comme \u00e0 la maison&#8230;mais avec quelques diff\u00e9rences !<\/p>\n<p class=\"o_default_snippet_text\"><\/p>\n<\/p><\/div>\n<\/section>\n<\/div>\n<\/section>\n<p style=\"text-align: justify;\">Cela peu para\u00eetre futile mais il faut qu&#8217;on te le rappelle. Tu sais \u00e0 quel point l&#8217;espace est pr\u00e9cieux dans un van, n&#8217;est-ce pas ? Chaque centim\u00e8tre compte, et c&#8217;est l\u00e0 que les aimants entrent en jeu ! Utiliser des aimants \u00e0 l&#8217;ext\u00e9rieur de ton van peut vraiment t&#8217;aider \u00e0 optimiser ton espace et \u00e0 garder tout en ordre.<\/p>\n<p style=\"text-align: justify;\">Imagine un peu : tu es en pleine nature, et tu veux profiter d&#8217;un bon caf\u00e9 en admirant le paysage. Plut\u00f4t que de fouiller dans tes placards pour trouver ta tasse, pourquoi ne pas utiliser des aimants pour fixer tes ustensiles de cuisine \u00e0 l&#8217;ext\u00e9rieur ?&nbsp;<\/p>\n<section class=\"s_text_image pt32 pb32 o_colored_level\" data-snippet=\"s_image_text\" data-name=\"Image - Texte\" style=\"background-image: none;\">\n<div class=\"container\">\n<div class=\"row align-items-center\">\n<div class=\"col-lg-6 pt16 o_colored_level pb0\">\n                    <img decoding=\"async\" src=\"\/web\/image\/8504-0630793c\/shoebill%20campervan%20tente%201.jpg?access_token=ccc4e3c4-a0f2-42aa-8238-e6e26ea4dfaa\" alt=\"\" class=\"img img-fluid mx-auto o_we_custom_image o_we_image_cropped\" data-mimetype=\"image\/webp\" data-original-id=\"8503\" data-original-src=\"\/web\/image\/8503-8f1c3c81\/shoebill%20campervan%20tente%201.jpg\" data-mimetype-before-conversion=\"image\/jpeg\" data-width=\"1914.4347826086957\" data-height=\"757.2173913043479\" data-scale-x=\"1\" data-scale-y=\"1\" data-aspect-ratio=\"0\/0\" loading=\"lazy\">\n                <\/div>\n<div class=\"col-lg-6 o_colored_level pt0 pb0\">\n<p>Plut\u00f4t que de fouiller dans tes placards pour trouver ta tasse, pourquoi ne pas utiliser <strong>des aimants pour fixer tes ustensiles de cuisine \u00e0 l&#8217;ext\u00e9rieur <\/strong>?&nbsp;<\/p>\n<\/p><\/div>\n<\/p><\/div>\n<\/p><\/div>\n<\/section>\n<p style=\"text-align: justify;\"><\/p>\n<h2 style=\"text-align: justify;\">Comment?<\/h2>\n<p style=\"text-align: justify;\">Tu peux coller des aimants sur la carrosserie de ton van ou sur une surface m\u00e9tallique. Cela te permet de garder tes affaires \u00e0 port\u00e9e de main tout en lib\u00e9rant de l&#8217;espace \u00e0 l&#8217;int\u00e9rieur.<\/p>\n<p style=\"text-align: justify;\">De plus, les aimants peuvent \u00eatre super pratiques pour accrocher des serviettes, des sacs ou m\u00eame des petites d\u00e9corations. C&#8217;est une mani\u00e8re simple et efficace d&#8217;ajouter une touche personnelle \u00e0 ton van tout en gardant tout bien organis\u00e9. Alors, n&#8217;h\u00e9site pas \u00e0 te procurer quelques aimants et \u00e0 les utiliser \u00e0 l&#8217;ext\u00e9rieur de ton van. Tu verras, \u00e7a change la vie !<\/p>\n<h2 style=\"text-align: justify;\">Ne jamais laisser du linge humide \u00e0 l&#8217;int\u00e9rieur (c&#8217;est petit !)<\/h2>\n<p style=\"text-align: justify;\">Un autre conseil essentiel pour tous les vanlifers : ne laisse jamais de linge humide \u00e0 l&#8217;int\u00e9rieur de ton van. On sait tous que l&#8217;espace est limit\u00e9, et un linge humide peut rapidement transformer ton petit cocon en un endroit d\u00e9sagr\u00e9able.<\/p>\n<p style=\"text-align: justify;\">Pourquoi est-ce si important ? Tout d&#8217;abord, l&#8217;humidit\u00e9 peut entra\u00eener des odeurs d\u00e9sagr\u00e9ables et favoriser la formation de moisissures. Personne ne veut vivre dans un environnement moisi, surtout quand on est en pleine aventure ! De plus, un linge humide prend de la place et peut rendre ton van encore plus encombr\u00e9.<\/p>\n<p style=\"text-align: justify;\">Alors, que faire ? Prends l&#8217;habitude de faire s\u00e9cher ton linge \u00e0 l&#8217;ext\u00e9rieur d\u00e8s que tu le peux. Que ce soit en utilisant un fil \u00e0 linge, un support de s\u00e9chage ou m\u00eame en le suspendant \u00e0 une branche d&#8217;arbre, profite de l&#8217;air frais pour faire s\u00e9cher tes affaires. Si le temps ne le permet pas, essaie de planifier tes lessives de mani\u00e8re \u00e0 ce que tu puisses les faire s\u00e9cher \u00e0 l&#8217;ext\u00e9rieur avant de reprendre la route.<\/p>\n<p style=\"text-align: justify;\">En r\u00e9sum\u00e9, garde ton van frais et agr\u00e9able en \u00e9vitant de laisser du linge humide \u00e0 l&#8217;int\u00e9rieur. Tu verras, cela fera une grande diff\u00e9rence dans ton quotidien sur la route !<\/p>\n<p style=\"text-align: justify;\"><\/p>\n<p style=\"text-align: center;\">Voil\u00e0, c&#8217;\u00e9tait les conseils du jour de Shoebill Campervan pour rendre ta vie en van encore plus agr\u00e9able. Utilise des aimants \u00e0 l&#8217;ext\u00e9rieur pour optimiser ton espace et n&#8217;oublie pas de faire s\u00e9cher ton linge \u00e0 l&#8217;ext\u00e9rieur pour garder ton van frais et accueillant. Prends soin de ton petit chez-toi sur roues, et profite pleinement de chaque instant de ton aventure ! Bon voyage !  &#x2728;<\/p>\n\t\t<\/div>\n\t\t\t\t\t<div class=\"elementor-post__read-more-wrapper\">\n\t\t\n\t\t<a class=\"elementor-post__read-more\" href=\"https:\/\/shoebill-campervan.ca\/en\/2024\/10\/04\/conseils-du-jour-pour-ton-road-trip-en-campervan\/\" aria-label=\"Read more about Conseils du jour pour ton road trip en campervan\" tabindex=\"-1\" >\n\t\t\tRead more \u00bb\t\t<\/a>\n\n\t\t\t\t\t<\/div>\n\t\t\t\t<\/div>\n\t\t\t\t\t<\/div>\n\t\t<\/article>\n\t\t\t\t<article class=\"elementor-post elementor-grid-item post-1493 post type-post status-publish format-standard has-post-thumbnail hentry category-astuces category-voyage\" role=\"listitem\">\n\t\t\t<div class=\"elementor-post__card\">\n\t\t\t\t<a class=\"elementor-post__thumbnail__link\" href=\"https:\/\/shoebill-campervan.ca\/en\/2024\/10\/04\/pourquoi-la-van-life-interesse-autant-en-2024\/\" tabindex=\"-1\" ><div class=\"elementor-post__thumbnail\"><img loading=\"lazy\" decoding=\"async\" width=\"1600\" height=\"1200\" src=\"https:\/\/shoebill-campervan.ca\/wp-content\/uploads\/2025\/12\/Article-de-blog-Pourquoi-la-van-life-interesse-autant-en-2024_-cover-image.jpeg\" class=\"attachment-full size-full wp-image-1574\" alt=\"\" srcset=\"https:\/\/shoebill-campervan.ca\/wp-content\/uploads\/2025\/12\/Article-de-blog-Pourquoi-la-van-life-interesse-autant-en-2024_-cover-image.jpeg 1600w, https:\/\/shoebill-campervan.ca\/wp-content\/uploads\/2025\/12\/Article-de-blog-Pourquoi-la-van-life-interesse-autant-en-2024_-cover-image-300x225.jpeg 300w, https:\/\/shoebill-campervan.ca\/wp-content\/uploads\/2025\/12\/Article-de-blog-Pourquoi-la-van-life-interesse-autant-en-2024_-cover-image-1024x768.jpeg 1024w, https:\/\/shoebill-campervan.ca\/wp-content\/uploads\/2025\/12\/Article-de-blog-Pourquoi-la-van-life-interesse-autant-en-2024_-cover-image-768x576.jpeg 768w, https:\/\/shoebill-campervan.ca\/wp-content\/uploads\/2025\/12\/Article-de-blog-Pourquoi-la-van-life-interesse-autant-en-2024_-cover-image-1536x1152.jpeg 1536w, https:\/\/shoebill-campervan.ca\/wp-content\/uploads\/2025\/12\/Article-de-blog-Pourquoi-la-van-life-interesse-autant-en-2024_-cover-image-1320x990.jpeg 1320w, https:\/\/shoebill-campervan.ca\/wp-content\/uploads\/2025\/12\/Article-de-blog-Pourquoi-la-van-life-interesse-autant-en-2024_-cover-image-600x450.jpeg 600w\" sizes=\"(max-width: 1600px) 100vw, 1600px\" \/><\/div><\/a>\n\t\t\t\t<div class=\"elementor-post__badge\">Astuces<\/div>\n\t\t\t\t<div class=\"elementor-post__text\">\n\t\t\t\t<h4 class=\"elementor-post__title\">\n\t\t\t<a href=\"https:\/\/shoebill-campervan.ca\/en\/2024\/10\/04\/pourquoi-la-van-life-interesse-autant-en-2024\/\" >\n\t\t\t\tPourquoi la van life int\u00e9resse autant en 2024?\t\t\t<\/a>\n\t\t<\/h4>\n\t\t\t\t<div class=\"elementor-post__excerpt\">\n\t\t\t<h1 style=\"text-align: justify;\"><span class=\"h2-fs\">Pourquoi la van life conna\u00eet un tel succ\u00e8s? Les avantages qui s\u00e9duisent<\/span><\/h1>\n<p><\/p>\n<p style=\"text-align: justify;\">La&nbsp;<strong>van life<\/strong>, ce mode de vie nomade, s\u00e9duit de plus en plus de personnes, que ce soit pour des escapades courtes ou des aventures de longue dur\u00e9e. Ce ph\u00e9nom\u00e8ne grandissant s&#8217;explique par plusieurs raisons qui r\u00e9sonnent particuli\u00e8rement avec les nouvelles aspirations de libert\u00e9 et d\u2019\u00e9vasion. Voici les principales raisons pour lesquelles la van life attire tant de monde aujourd&#8217;hui :<\/p>\n<h2 style=\"text-align: justify;\"><span class=\"h3-fs\">1.&nbsp;<\/span><strong><span class=\"h3-fs\">Libert\u00e9 totale de mouvement<\/span><\/strong><\/h2>\n<p style=\"text-align: justify;\">L&#8217;un des avantages les plus s\u00e9duisants de la van life est la&nbsp;<strong>libert\u00e9 de voyager<\/strong>&nbsp;o\u00f9 bon vous semble. Vous n&#8217;\u00eates pas limit\u00e9 par des r\u00e9servations d&#8217;h\u00f4tel ou des horaires fixes. Vous pouvez explorer des coins recul\u00e9s, suivre les routes en fonction de vos envies et improviser vos escales, que ce soit dans des parcs nationaux ou en bord de mer.<\/p>\n<h2 style=\"text-align: justify;\"><span class=\"h3-fs\">2.&nbsp;<\/span><strong><span class=\"h3-fs\">Vie simplifi\u00e9e et minimaliste<\/span><\/strong><\/h2>\n<p style=\"text-align: justify;\">La van life encourage un&nbsp;<strong>mode de vie minimaliste<\/strong>, en r\u00e9duisant les possessions au strict n\u00e9cessaire. Vivre avec moins d&#8217;objets et plus d&#8217;exp\u00e9riences apporte une simplicit\u00e9 r\u00e9confortante. Cela permet \u00e9galement de mieux se concentrer sur ce qui compte vraiment : les moments v\u00e9cus, la nature, et les rencontres.<\/p>\n<h2 style=\"text-align: justify;\"><span class=\"h3-fs\">3.&nbsp;<\/span><strong><span class=\"h3-fs\">Connexion avec la nature<\/span><\/strong><\/h2>\n<p style=\"text-align: justify;\">La van life permet une immersion directe dans la nature. Vous pouvez vous r\u00e9veiller avec une vue panoramique sur les montagnes ou au bord d&#8217;un lac, tout en ayant la possibilit\u00e9 de vous d\u00e9placer facilement d&#8217;un lieu \u00e0 un autre. Cette proximit\u00e9 avec la nature est un atout majeur pour ceux qui cherchent \u00e0 se reconnecter avec l&#8217;ext\u00e9rieur.<\/p>\n<h2 style=\"text-align: justify;\"><span class=\"h3-fs\">4.&nbsp;<\/span><strong><span class=\"h3-fs\">\u00c9conomie de co\u00fbts<\/span><\/strong><\/h2>\n<p style=\"text-align: justify;\">Voyager en van permet de r\u00e9duire consid\u00e9rablement les co\u00fbts li\u00e9s aux logements et aux repas. En ayant votre propre cuisine et lit avec vous, vous pouvez cuisiner vous-m\u00eame et \u00e9viter les co\u00fbts d&#8217;h\u00e9bergement \u00e9lev\u00e9s, notamment en haute saison touristique. Cela rend les voyages plus accessibles, m\u00eame pour des budgets limit\u00e9s.<\/p>\n<h2 style=\"text-align: justify;\"><span class=\"h3-fs\">5.&nbsp;<\/span><strong><span class=\"h3-fs\">Flexibilit\u00e9 pour le travail \u00e0 distance<\/span><\/strong><\/h2>\n<p style=\"text-align: justify;\">Avec la mont\u00e9e du&nbsp;<strong>travail \u00e0 distance<\/strong>, la van life offre une opportunit\u00e9 unique de travailler tout en explorant le monde. Nombreux sont ceux qui combinent leur emploi \u00e0 distance avec un mode de vie mobile, en profitant d\u2019un cadre de travail toujours diff\u00e9rent.<\/p>\n<h2 style=\"text-align: justify;\"><span class=\"h3-fs\">6.&nbsp;<\/span><strong><span class=\"h3-fs\">Communaut\u00e9 et partage d&#8217;exp\u00e9riences<\/span><\/strong><\/h2>\n<p style=\"text-align: justify;\">La van life attire une communaut\u00e9 de voyageurs partageant les m\u00eames valeurs de libert\u00e9, de simplicit\u00e9 et de d\u00e9couverte. Que ce soit sur les routes, sur les r\u00e9seaux sociaux, ou dans les aires de camping, vous trouverez facilement des personnes avec qui \u00e9changer, partager des conseils, ou simplement profiter d&#8217;une soir\u00e9e autour d&#8217;un feu de camp.<\/p>\n<p style=\"text-align: justify;\"><\/p>\n<p style=\"text-align: center;\">La van life repr\u00e9sente bien plus qu&#8217;un simple mode de voyage, c&#8217;est une philosophie de vie. En combinant libert\u00e9, aventure et simplicit\u00e9, elle s\u00e9duit de plus en plus de personnes en qu\u00eate d\u2019un mode de vie qui sort des sentiers battus. Alors, que vous soyez tent\u00e9 par une escapade de quelques semaines ou un voyage de plusieurs mois, la van life vous offre l\u2019opportunit\u00e9 d&#8217;explorer le monde autrement.<\/p>\n\t\t<\/div>\n\t\t\t\t\t<div class=\"elementor-post__read-more-wrapper\">\n\t\t\n\t\t<a class=\"elementor-post__read-more\" href=\"https:\/\/shoebill-campervan.ca\/en\/2024\/10\/04\/pourquoi-la-van-life-interesse-autant-en-2024\/\" aria-label=\"Read more about Pourquoi la van life int\u00e9resse autant en 2024?\" tabindex=\"-1\" >\n\t\t\tRead more \u00bb\t\t<\/a>\n\n\t\t\t\t\t<\/div>\n\t\t\t\t<\/div>\n\t\t\t\t\t<\/div>\n\t\t<\/article>\n\t\t\t\t<article class=\"elementor-post elementor-grid-item post-1494 post type-post status-publish format-standard has-post-thumbnail hentry category-bons-plans\" role=\"listitem\">\n\t\t\t<div class=\"elementor-post__card\">\n\t\t\t\t<a class=\"elementor-post__thumbnail__link\" href=\"https:\/\/shoebill-campervan.ca\/en\/2024\/10\/04\/le-campervan-devenu-la-solution-ideal-pour-les-festivals-en-2024\/\" tabindex=\"-1\" ><div class=\"elementor-post__thumbnail\"><img loading=\"lazy\" decoding=\"async\" width=\"1600\" height=\"1496\" src=\"https:\/\/shoebill-campervan.ca\/wp-content\/uploads\/2025\/12\/Article-de-blog-Le-camper-van-devenu-la-solution-ideal-pour-les-festivals-en-2024_-cover-image.jpeg\" class=\"attachment-full size-full wp-image-1573\" alt=\"\" srcset=\"https:\/\/shoebill-campervan.ca\/wp-content\/uploads\/2025\/12\/Article-de-blog-Le-camper-van-devenu-la-solution-ideal-pour-les-festivals-en-2024_-cover-image.jpeg 1600w, https:\/\/shoebill-campervan.ca\/wp-content\/uploads\/2025\/12\/Article-de-blog-Le-camper-van-devenu-la-solution-ideal-pour-les-festivals-en-2024_-cover-image-300x281.jpeg 300w, https:\/\/shoebill-campervan.ca\/wp-content\/uploads\/2025\/12\/Article-de-blog-Le-camper-van-devenu-la-solution-ideal-pour-les-festivals-en-2024_-cover-image-1024x957.jpeg 1024w, https:\/\/shoebill-campervan.ca\/wp-content\/uploads\/2025\/12\/Article-de-blog-Le-camper-van-devenu-la-solution-ideal-pour-les-festivals-en-2024_-cover-image-768x718.jpeg 768w, https:\/\/shoebill-campervan.ca\/wp-content\/uploads\/2025\/12\/Article-de-blog-Le-camper-van-devenu-la-solution-ideal-pour-les-festivals-en-2024_-cover-image-1536x1436.jpeg 1536w, https:\/\/shoebill-campervan.ca\/wp-content\/uploads\/2025\/12\/Article-de-blog-Le-camper-van-devenu-la-solution-ideal-pour-les-festivals-en-2024_-cover-image-1320x1234.jpeg 1320w, https:\/\/shoebill-campervan.ca\/wp-content\/uploads\/2025\/12\/Article-de-blog-Le-camper-van-devenu-la-solution-ideal-pour-les-festivals-en-2024_-cover-image-600x561.jpeg 600w\" sizes=\"(max-width: 1600px) 100vw, 1600px\" \/><\/div><\/a>\n\t\t\t\t<div class=\"elementor-post__badge\">Bons plans<\/div>\n\t\t\t\t<div class=\"elementor-post__text\">\n\t\t\t\t<h4 class=\"elementor-post__title\">\n\t\t\t<a href=\"https:\/\/shoebill-campervan.ca\/en\/2024\/10\/04\/le-campervan-devenu-la-solution-ideal-pour-les-festivals-en-2024\/\" >\n\t\t\t\tLe campervan devenu la solution id\u00e9al pour les festivals en 2024?\t\t\t<\/a>\n\t\t<\/h4>\n\t\t\t\t<div class=\"elementor-post__excerpt\">\n\t\t\t<h1 style=\"text-align: justify;\"><strong>Pourquoi le RV est le choix id\u00e9al pour les festivals au Qu\u00e9bec?<\/strong><\/h1>\n<p style=\"text-align: justify;\"><\/p>\n<p style=\"text-align: justify;\">Le&nbsp;<strong>campervan<\/strong>&nbsp;est devenu une solution incontournable pour profiter pleinement des festivals de musique au Qu\u00e9bec. Que vous soyez un habitu\u00e9 ou un nouveau venu dans le monde de la&nbsp;<strong>van life<\/strong>, ce mode de voyage offre bien plus que de simples trajets : c&#8217;est une&nbsp;<strong>exp\u00e9rience immersive<\/strong>&nbsp;qui vous permet de savourer chaque instant.&nbsp;<\/p>\n<section class=\"s_parallax parallax s_parallax_is_fixed bg-black-50 o_half_screen_height o_colored_level\" data-scroll-background-ratio=\"1\" data-snippet=\"s_parallax\" data-name=\"Parallaxe\" style=\"background-image: none;\">\n        <span class=\"s_parallax_bg oe_img_bg o_bg_img_center\" style='background-image: url(\"\/web\/image\/8724-32c92a5c\/pexels-wendywei-1306791.webp\"); background-position: 50% 75%;' data-mimetype=\"image\/webp\" data-original-id=\"8723\" data-original-src=\"\/web\/image\/8723-32c92a5c\/pexels-wendywei-1306791.jpg\" data-mimetype-before-conversion=\"image\/jpeg\" data-resize-width=\"1920\"><\/span><\/p>\n<div class=\"o_we_bg_filter bg-black-50\"><\/div>\n<div class=\"oe_structure oe_empty\">\n<section class=\"s_text_block pt40 o_colored_level pb0\" data-snippet=\"s_text_block\" data-name=\"Texte\" style=\"background-image: none;\">\n<div class=\"container s_allow_columns\">\n<p style=\"text-align: center;\"><strong>Voici pourquoi partir en festival en campervan est un excellent choix et comment en tirer le meilleur parti.<\/strong><\/p>\n<p style=\"text-align: center;\"><strong>Le campervan offre une&nbsp;libert\u00e9 totale, vous permettant de vous d\u00e9placer facilement entre le festival et des spots plus calmes pour profiter de la nature.&nbsp;<\/strong><\/p>\n<p style=\"text-align: center;\"><strong>Vous pouvez&nbsp;\u00e9conomiser&nbsp;en cuisinant vos propres repas, et \u00e9viter les tracas des h\u00e9bergements surbook\u00e9s !<\/strong><\/p>\n<p style=\"text-align: center;\"><strong>D\u00e9couvre les 3 avantages de partir en campervan pour profiter de tes festivals.<\/strong><\/p>\n<\/p><\/div>\n<\/section>\n<\/div>\n<\/section>\n<h2 style=\"text-align: justify;\"><\/h2>\n<h2 style=\"text-align: justify;\"><strong>1.Libert\u00e9 et flexibilit\u00e9 totale<\/strong><\/h2>\n<p style=\"text-align: justify;\">L\u2019un des principaux avantages du voyage en campervan est la&nbsp;<strong>libert\u00e9<\/strong>&nbsp;qu\u2019il procure. Contrairement aux h\u00f4tels ou aux transports en commun, un RV vous permet de choisir o\u00f9 et quand vous vous arr\u00eatez. Avec des festivals comme le&nbsp;<a href=\"https:\/\/www.feq.ca\/fr\" target=\"_blank\"><strong>Festival d\u2019\u00e9t\u00e9 de Qu\u00e9bec<\/strong>&nbsp;<\/a>ou&nbsp;<strong><a href=\"https:\/\/osheaga.com\/fr\">Osheaga<\/a><\/strong>, vous pouvez garer votre van \u00e0 proximit\u00e9, dans des zones pr\u00e9vues pour les camping-cars, et rester aussi longtemps que vous le souhaitez.<\/p>\n<section class=\"s_text_image pt32 pb32 o_colored_level\" data-snippet=\"s_text_image\" data-name=\"Texte - Image\" style=\"background-image: none;\">\n<div class=\"container\">\n<div class=\"row align-items-center\">\n<div class=\"col-lg-6 o_colored_level pt0 pb0\">\n<h3>\u00catre ma\u00eetre de son temps !<\/h3>\n<p style=\"text-align: justify;\"> Vous \u00eates ma\u00eetre de votre emploi du temps, sans \u00eatre limit\u00e9 par les check-ins d&#8217;h\u00f4tels ou les trajets de retour tard dans la nuit !<\/p>\n<\/div>\n<div class=\"col-lg-6 pt16 pb16 o_colored_level\">\n                    <img decoding=\"async\" src=\"\/web\/image\/8600-39123029\/Van%20life%20friends.JPG?access_token=17f0969d-4533-4879-99d1-5f5140799b4d\" alt=\"\" class=\"img img-fluid mx-auto o_we_custom_image\" data-mimetype=\"image\/webp\" data-original-id=\"8597\" data-original-src=\"\/web\/image\/8597-00ec50c9\/Van%20life%20friends.JPG\" data-mimetype-before-conversion=\"image\/jpeg\" data-resize-width=\"690\" loading=\"lazy\">\n                <\/div>\n<\/p><\/div>\n<\/p><\/div>\n<\/section>\n<h2 style=\"text-align: justify;\"><strong>2.Confort mobile pour un maximum de plaisir<\/strong><\/h2>\n<p style=\"text-align: justify;\">Un campervan offre le confort d\u2019une&nbsp;<strong>maison sur roues<\/strong>, avec un lit confortable, une cuisine \u00e9quip\u00e9e et votre propre espace de d\u00e9tente. Apr\u00e8s une journ\u00e9e pass\u00e9e \u00e0 danser et \u00e9couter de la musique, il n\u2019y a rien de mieux que de se relaxer dans un cadre priv\u00e9 et paisible, sans avoir \u00e0 subir les al\u00e9as d\u2019un logement partag\u00e9 ou bond\u00e9.&nbsp;<\/p>\n<section class=\"s_text_image o_colored_level pt0 pb32\" data-snippet=\"s_image_text\" data-name=\"Image - Texte\" style=\"background-image: none;\">\n<div class=\"container\">\n<div class=\"row align-items-center\">\n<div class=\"col-lg-6 pt16 o_colored_level pb0\">\n                    <img decoding=\"async\" src=\"\/web\/image\/8721-64ccb7fc\/20240926_142500924_iOS.jpg?access_token=ebb112d3-8b28-4500-8e8e-7acc8f5aaff5\" alt=\"\" class=\"img img-fluid mx-auto o_we_custom_image o_we_image_cropped\" data-mimetype=\"image\/jpeg\" data-original-id=\"8598\" data-original-src=\"\/web\/image\/8598-3e95fb0f\/20240926_142500924_iOS.jpg\" data-mimetype-before-conversion=\"image\/jpeg\" loading=\"lazy\" style=\"transform: scaleY(0.85);\" data-width=\"768\" data-height=\"810.7478260869565\" data-scale-x=\"1\" data-scale-y=\"1\" data-aspect-ratio=\"0\/0\">\n                <\/div>\n<div class=\"col-lg-6 pb16 o_colored_level pt0\">\n<h3>Se relaxer comme il faut apr\u00e8s le festival !<\/h3>\n<p style=\"text-align: justify;\">Les festivals comme le&nbsp;<a href=\"https:\/\/lefestif.ca\"><strong>Festif! de Baie-Saint-Paul<\/strong><\/a><strong><\/strong>, situ\u00e9s en pleine nature, vous permettent de combiner musique et d\u00e9tente dans des environnements uniques et \u00e9poustouflants.\n                <\/p>\n<\/div><\/div>\n<\/p><\/div>\n<\/section>\n<h2 style=\"text-align: justify;\"><strong>3.Une exp\u00e9rience plus \u00e9conomique<\/strong><\/h2>\n<p style=\"text-align: justify;\">Voyager en campervan permet \u00e9galement de faire des \u00e9conomies. Au lieu de d\u00e9penser pour des h\u00f4tels souvent chers \u00e0 proximit\u00e9 des festivals, vous avez tout \u00e0 disposition dans votre van. Vous pouvez pr\u00e9parer vos propres repas, \u00e9conomiser sur les frais de restauration, et \u00e9viter les surco\u00fbts d&#8217;h\u00e9bergement, ce qui est id\u00e9al si vous pr\u00e9voyez de prolonger vos vacances apr\u00e8s les concerts.&nbsp;<\/p>\n<h1 style=\"text-align: justify;\"><\/h1>\n<h1 style=\"text-align: justify;\"><strong>Comment&nbsp;bien profiter des festivals en campervan ?<\/strong><\/h1>\n<p style=\"text-align: justify;\"><\/p>\n<section class=\"s_features pt32 pb32 o_colored_level\" data-snippet=\"s_features\" data-name=\"Fonctionnalit\u00e9s\" style=\"background-image: none;\">\n<div class=\"container\">\n<div class=\"row o_grid_mode\" data-row-count=\"13\">\n<div class=\"text-center o_colored_level o_grid_item g-col-lg-5 g-height-8 col-lg-5\" style=\"grid-row-start: 1; grid-column-start: 1; grid-row-end: 9; grid-column-end: 6; z-index: 1;\">\n                    <i class=\"fa fa-clock-o fa-3x rounded bg-o-color-1 m-3\"><\/i><\/p>\n<h3 class=\"o_default_snippet_text\">R\u00e9servez vos emplacements \u00e0 l&#8217;avance<\/h3>\n<p class=\"o_default_snippet_text\">Certains festivals ont des places limit\u00e9s surtout s&#8217;ils sont populaires !<\/p>\n<\/p><\/div>\n<div class=\"text-center o_colored_level o_grid_item g-col-lg-5 g-height-8 col-lg-5\" style=\"grid-row-start: 1; grid-column-start: 8; grid-row-end: 9; grid-column-end: 13; z-index: 2;\">\n                    <i class=\"fa fa-cloud fa-3x rounded bg-o-color-5 m-3\"><\/i><\/p>\n<h3 class=\"o_default_snippet_text\">Pr\u00e9parez vous aux conditions m\u00e9t\u00e9orologiques<\/h3>\n<p>Les festivals en plein air, surtout au Qu\u00e9bec, peuvent parfois \u00eatre impr\u00e9visibles en termes de m\u00e9t\u00e9o.<\/p>\n<\/p><\/div>\n<div class=\"text-center o_colored_level o_grid_item g-height-6 g-col-lg-6 col-lg-6\" style=\"z-index: 3; grid-row-start: 8; grid-column-start: 4; grid-row-end: 14; grid-column-end: 10;\">\n                    <i class=\"fa fa-check fa-3x rounded bg-o-color-2 m-3\"><\/i><\/p>\n<h3 class=\"o_default_snippet_text\">Respectez vos voisins campeurs<\/h3>\n<p>Lorsque vous partagez des espaces de camping avec d\u2019autres festivaliers, il est important de respecter leur tranquillit\u00e9, surtout apr\u00e8s les concerts.<\/p>\n<\/div>\n<\/div>\n<\/div>\n<\/section>\n<h4 style=\"text-align: justify;\"><\/h4>\n<section class=\"s_text_block o_colored_level pb0 pt0\" data-snippet=\"s_text_block\" data-name=\"Texte\" style=\"background-image: none;\">\n<div class=\"container s_allow_columns\">\n<p class=\"o_default_snippet_text\">On esp\u00e8re que tu vivras ce type d&#8217;exp\u00e9rience et pourquoi pas le faire \u00e0 nos c\u00f4t\u00e9s !<\/p>\n<p style=\"text-align: center;\"><a href=\"\/rent\" class=\"btn btn-primary\" data-bs-original-title=\"\" title=\"\">Commencer son aventure maintenant !<\/a><\/p>\n<\/div>\n<\/section>\n\t\t<\/div>\n\t\t\t\t\t<div class=\"elementor-post__read-more-wrapper\">\n\t\t\n\t\t<a class=\"elementor-post__read-more\" href=\"https:\/\/shoebill-campervan.ca\/en\/2024\/10\/04\/le-campervan-devenu-la-solution-ideal-pour-les-festivals-en-2024\/\" aria-label=\"Read more about Le campervan devenu la solution id\u00e9al pour les festivals en 2024?\" tabindex=\"-1\" >\n\t\t\tRead more \u00bb\t\t<\/a>\n\n\t\t\t\t\t<\/div>\n\t\t\t\t<\/div>\n\t\t\t\t\t<\/div>\n\t\t<\/article>\n\t\t\t\t<article class=\"elementor-post elementor-grid-item post-1495 post type-post status-publish format-standard has-post-thumbnail hentry category-astuces\" role=\"listitem\">\n\t\t\t<div class=\"elementor-post__card\">\n\t\t\t\t<a class=\"elementor-post__thumbnail__link\" href=\"https:\/\/shoebill-campervan.ca\/en\/2024\/10\/03\/quoi-apporter-pour-ton-road-trip-avec-shoebill-campervan\/\" tabindex=\"-1\" ><div class=\"elementor-post__thumbnail\"><img loading=\"lazy\" decoding=\"async\" width=\"1920\" height=\"1080\" src=\"https:\/\/shoebill-campervan.ca\/wp-content\/uploads\/2025\/12\/Article-de-blog-Quoi-apporter-pour-ton-road-trip-avec-Shoebill-Qampervan-_-cover-image.jpeg\" class=\"attachment-full size-full wp-image-1572\" alt=\"\" srcset=\"https:\/\/shoebill-campervan.ca\/wp-content\/uploads\/2025\/12\/Article-de-blog-Quoi-apporter-pour-ton-road-trip-avec-Shoebill-Qampervan-_-cover-image.jpeg 1920w, https:\/\/shoebill-campervan.ca\/wp-content\/uploads\/2025\/12\/Article-de-blog-Quoi-apporter-pour-ton-road-trip-avec-Shoebill-Qampervan-_-cover-image-300x169.jpeg 300w, https:\/\/shoebill-campervan.ca\/wp-content\/uploads\/2025\/12\/Article-de-blog-Quoi-apporter-pour-ton-road-trip-avec-Shoebill-Qampervan-_-cover-image-1024x576.jpeg 1024w, https:\/\/shoebill-campervan.ca\/wp-content\/uploads\/2025\/12\/Article-de-blog-Quoi-apporter-pour-ton-road-trip-avec-Shoebill-Qampervan-_-cover-image-768x432.jpeg 768w, https:\/\/shoebill-campervan.ca\/wp-content\/uploads\/2025\/12\/Article-de-blog-Quoi-apporter-pour-ton-road-trip-avec-Shoebill-Qampervan-_-cover-image-1536x864.jpeg 1536w, https:\/\/shoebill-campervan.ca\/wp-content\/uploads\/2025\/12\/Article-de-blog-Quoi-apporter-pour-ton-road-trip-avec-Shoebill-Qampervan-_-cover-image-1320x743.jpeg 1320w, https:\/\/shoebill-campervan.ca\/wp-content\/uploads\/2025\/12\/Article-de-blog-Quoi-apporter-pour-ton-road-trip-avec-Shoebill-Qampervan-_-cover-image-600x338.jpeg 600w\" sizes=\"(max-width: 1920px) 100vw, 1920px\" \/><\/div><\/a>\n\t\t\t\t<div class=\"elementor-post__badge\">Astuces<\/div>\n\t\t\t\t<div class=\"elementor-post__text\">\n\t\t\t\t<h4 class=\"elementor-post__title\">\n\t\t\t<a href=\"https:\/\/shoebill-campervan.ca\/en\/2024\/10\/03\/quoi-apporter-pour-ton-road-trip-avec-shoebill-campervan\/\" >\n\t\t\t\tQuoi apporter pour ton road trip avec Shoebill Campervan ?\t\t\t<\/a>\n\t\t<\/h4>\n\t\t\t\t<div class=\"elementor-post__excerpt\">\n\t\t\t<p style=\"text-align: justify;\">Lors de vos aventures avec Shoebill Campervan, l&#8217;une des questions qui revient souvent est :&nbsp;<strong>&#8220;Qu&#8217;est-ce que je dois apporter ?&#8221;<\/strong>&nbsp;Pas de panique, on vous simplifie la t\u00e2che ! Nous avons d\u00e9j\u00e0 pr\u00e9vu une bonne partie du n\u00e9cessaire pour que vous puissiez profiter pleinement de votre road trip sans avoir \u00e0 penser \u00e0 chaque d\u00e9tail. Voici un guide pour vous aider \u00e0 bien pr\u00e9parer vos bagages et savoir ce qui est inclus dans le van.<\/p>\n<p style=\"text-align: justify;\"><\/p>\n<h3 style=\"text-align: justify;\">Ce qui est&nbsp;<strong>inclus<\/strong>&nbsp;<\/h3>\n<section class=\"s_text_image pt32 o_colored_level pb0\" data-snippet=\"s_image_text\" data-name=\"Image - Texte\" style=\"background-image: none;\">\n<div class=\"container\">\n<div class=\"row align-items-center\">\n<div class=\"col-lg-6 pt16 pb16 o_colored_level\">\n                    <img decoding=\"async\" src=\"\/web\/image\/8480-8b21b6fc\/Blog%20Post%20%27Les%205%20destinations%20de%20r%C3%AAves%20au%20Qu%C3%A9bec%20en%202024%27%20cover%20image.webp\" alt=\"\" class=\"img img-fluid mx-auto o_we_custom_image\" data-mimetype=\"image\/webp\" data-original-id=\"8164\" data-original-src=\"\/web\/image\/8164-4a97e1e0\/Blog%20Post%20%27Les%205%20destinations%20de%20r%C3%AAves%20au%20Qu%C3%A9bec%20en%202024%27%20cover%20image.webp\" data-mimetype-before-conversion=\"image\/webp\" data-resize-width=\"690\" loading=\"lazy\">\n                <\/div>\n<div class=\"col-lg-6 pt16 pb16 o_colored_level\">\n<h4><span class=\"h4-fs\"><strong><em>Savoir \u00e0 quoi s&#8217;attendre ?<\/em><\/strong><\/span><\/h4>\n<p>Shoebill Campervan vous propose un van tout \u00e9quip\u00e9 avec l&#8217;essentiel pour voyager en toute s\u00e9r\u00e9nit\u00e9.<\/p>\n<\/div>\n<\/div>\n<\/div>\n<\/section>\n<h4><\/h4>\n<h4><strong><em>Tout ce que vous pourrez trouver&nbsp;:<\/em><\/strong><\/h4>\n<ul>\n<li style=\"text-align: justify;\"><strong>Literie compl\u00e8te<\/strong>&nbsp;: pas besoin de vous encombrer avec des draps et des couvertures, tout est fourni pour deux personnes. Parfait pour une nuit confortable o\u00f9 que vous soyez !<\/li>\n<li style=\"text-align: justify;\"><strong>R\u00e9servoir d&#8217;eau<\/strong>&nbsp;de 110 litres : vous avez de l&#8217;eau pour cuisiner, vous laver ou faire la vaisselle. L&#8217;eau est officiellement non potable, mais id\u00e9ale pour tous ces usages.<\/li>\n<li style=\"text-align: justify;\"><strong>Outils et accessoires<\/strong>&nbsp;: des outils de base (lampe de poche, corde, tournevis, hachette, etc.) sont \u00e0 disposition dans le van en cas de besoin.<\/li>\n<li style=\"text-align: justify;\"><strong>Cuisine sur la route<\/strong>&nbsp;: nous vous laissons des consommables de base comme l&#8217;huile, le sel, le poivre, et m\u00eame du savon pour nettoyer.<\/li>\n<li style=\"text-align: justify;\"><strong>Glaci\u00e8re<\/strong>&nbsp;: un compartiment frais est pr\u00e9vu pour garder vos aliments au frais. Pensez \u00e0 utiliser des blocs de glace pour \u00e9viter que l&#8217;eau ne stagne.<\/li>\n<li style=\"text-align: justify;\"><strong>\u00c9lectricit\u00e9 et batterie<\/strong>&nbsp;: le van est \u00e9quip\u00e9 d&#8217;une batterie longue dur\u00e9e et d&#8217;un convertisseur pour que vous puissiez charger vos petits appareils ou faire fonctionner vos lumi\u00e8res sans souci.<\/li>\n<li style=\"text-align: justify;\"><strong>Abri temporaire<\/strong>&nbsp;(si demand\u00e9) : une tente pop-up de 3&#215;3 m\u00e8tres est fournie pour cuisiner \u00e0 l&#8217;abri du soleil ou de la pluie. Attention \u00e0 bien la s\u00e9cher avant de la ranger pour \u00e9viter la moisissure.<\/li>\n<\/ul>\n<p><\/p>\n<h3 style=\"text-align: justify;\">Ce qu\u2019il faut&nbsp;<strong>apporter<\/strong>&nbsp;<\/h3>\n<section class=\"s_text_image pt32 pb32 o_colored_level\" data-snippet=\"s_image_text\" data-name=\"Image - Texte\" style=\"background-image: none;\">\n<div class=\"container\">\n<div class=\"row align-items-center\">\n<div class=\"col-lg-6 pt16 pb16 o_colored_level\">\n                    <img decoding=\"async\" src=\"\/unsplash\/PpzBE1hWeGI\/suitcase%20bag.jpg?unique=14fe307b\" alt=\"brown leather duffel bag in middle on gray asphalt road\" class=\"img img-fluid mx-auto o_we_custom_image\" data-resize-width=\"undefined\">\n                <\/div>\n<div class=\"col-lg-6 pt16 o_colored_level pb0\">\n<h4><strong><em>Vivre la van life au max<\/em><\/strong><\/h4>\n<p style=\"text-align: justify;\">Pour maximiser ton exp\u00e9rience en Campervan il y a certaines \u00e0 penser \u00e0 amener, nous te listons nos essentiels.<\/p>\n<\/div><\/div>\n<\/p><\/div>\n<\/section>\n<ul>\n<li style=\"text-align: justify;\"><strong>V\u00eatements adapt\u00e9s<\/strong>&nbsp;: la m\u00e9t\u00e9o peut changer rapidement selon la r\u00e9gion et la saison. Pensez \u00e0 des v\u00eatements adapt\u00e9s pour la chaleur, mais aussi pour les soir\u00e9es plus fra\u00eeches.<\/li>\n<li style=\"text-align: justify;\"><strong>Nourriture et boissons<\/strong>&nbsp;: nous fournissons l&#8217;\u00e9quipement de cuisine, mais c&#8217;est \u00e0 vous d&#8217;apporter vos provisions pour vos repas sur la route.<\/li>\n<li style=\"text-align: justify;\"><strong>Produits d&#8217;hygi\u00e8ne<\/strong>&nbsp;: m\u00eame si quelques bases sont pr\u00e9sentes (savon), pensez \u00e0 prendre vos produits personnels : shampoing, dentifrice, et pourquoi pas un petit kit de toilettes s\u00e8ches si vous partez en pleine nature.<\/li>\n<li><strong>Cubes de glace<\/strong>&nbsp;pour la glaci\u00e8re : les blocs de glace sont plus pratiques que les gla\u00e7ons en vrac pour \u00e9viter que vos aliments ne baignent dans l&#8217;eau.<\/li>\n<li><strong>Chargeurs pour vos appareils \u00e9lectroniques<\/strong>&nbsp;: la prise 110V ne supporte que des petits appareils, alors pr\u00e9voyez vos c\u00e2bles de recharge.<\/li>\n<li><strong>Chaussures de marche<\/strong>&nbsp;: si vous \u00eates du genre \u00e0 vous arr\u00eater en pleine nature pour une randonn\u00e9e, vos meilleures chaussures de marche seront vos meilleures amies.<\/li>\n<\/ul>\n<p style=\"text-align: center;\">Shoebill Campervan s&#8217;assure de vous fournir l&#8217;essentiel pour que vous puissiez&nbsp;<strong>profiter pleinement de votre aventure<\/strong>, mais quelques pr\u00e9parations sont toujours n\u00e9cessaires pour parer \u00e0 toutes les situations. Alors, vous \u00eates pr\u00eats \u00e0 partir ?<\/p>\n\t\t<\/div>\n\t\t\t\t\t<div class=\"elementor-post__read-more-wrapper\">\n\t\t\n\t\t<a class=\"elementor-post__read-more\" href=\"https:\/\/shoebill-campervan.ca\/en\/2024\/10\/03\/quoi-apporter-pour-ton-road-trip-avec-shoebill-campervan\/\" aria-label=\"Read more about Quoi apporter pour ton road trip avec Shoebill Campervan ?\" tabindex=\"-1\" >\n\t\t\tRead more \u00bb\t\t<\/a>\n\n\t\t\t\t\t<\/div>\n\t\t\t\t<\/div>\n\t\t\t\t\t<\/div>\n\t\t<\/article>\n\t\t\t\t<\/div>\n\t\t\t\t\t<span class=\"e-load-more-spinner\">\n\t\t\t\t<svg aria-hidden=\"true\" class=\"e-font-icon-svg e-fas-spinner\" viewBox=\"0 0 512 512\" xmlns=\"http:\/\/www.w3.org\/2000\/svg\"><path d=\"M304 48c0 26.51-21.49 48-48 48s-48-21.49-48-48 21.49-48 48-48 48 21.49 48 48zm-48 368c-26.51 0-48 21.49-48 48s21.49 48 48 48 48-21.49 48-48-21.49-48-48-48zm208-208c-26.51 0-48 21.49-48 48s21.49 48 48 48 48-21.49 48-48-21.49-48-48-48zM96 256c0-26.51-21.49-48-48-48S0 229.49 0 256s21.49 48 48 48 48-21.49 48-48zm12.922 99.078c-26.51 0-48 21.49-48 48s21.49 48 48 48 48-21.49 48-48c0-26.509-21.491-48-48-48zm294.156 0c-26.51 0-48 21.49-48 48s21.49 48 48 48 48-21.49 48-48c0-26.509-21.49-48-48-48zM108.922 60.922c-26.51 0-48 21.49-48 48s21.49 48 48 48 48-21.49 48-48-21.491-48-48-48z\"><\/path><\/svg>\t\t\t<\/span>\n\t\t\n\t\t\t\t<div class=\"e-load-more-anchor\" data-page=\"1\" data-max-page=\"3\" data-next-page=\"https:\/\/shoebill-campervan.ca\/en\/wp-json\/wp\/v2\/pages\/1691\/page\/2\/\"><\/div>\n\t\t\t\t<div class=\"elementor-button-wrapper\">\n\t\t\t<a class=\"elementor-button elementor-size-sm\" role=\"button\">\n\t\t\t\t\t\t<span class=\"elementor-button-content-wrapper\">\n\t\t\t\t\t\t\t\t\t<span class=\"elementor-button-text\">Load more<\/span>\n\t\t\t\t\t<\/span>\n\t\t\t\t\t<\/a>\n\t\t<\/div>\n\t\t\t\t<div class=\"e-load-more-message\"><\/div>\n\t\t\t\t\t\t<\/div>\n\t\t\t\t<\/div>\n\t\t\t\t\t<\/div>\n\t\t\t\t<\/div>\n\t\t\t\t<\/div>\n\t\t","protected":false},"excerpt":{"rendered":"<p>Rechercher Search<\/p>\n","protected":false},"author":1,"featured_media":0,"parent":0,"menu_order":0,"comment_status":"closed","ping_status":"closed","template":"","meta":{"content-type":"","footnotes":""},"class_list":["post-1691","page","type-page","status-publish","hentry"],"_links":{"self":[{"href":"https:\/\/shoebill-campervan.ca\/en\/wp-json\/wp\/v2\/pages\/1691","targetHints":{"allow":["GET"]}}],"collection":[{"href":"https:\/\/shoebill-campervan.ca\/en\/wp-json\/wp\/v2\/pages"}],"about":[{"href":"https:\/\/shoebill-campervan.ca\/en\/wp-json\/wp\/v2\/types\/page"}],"author":[{"embeddable":true,"href":"https:\/\/shoebill-campervan.ca\/en\/wp-json\/wp\/v2\/users\/1"}],"replies":[{"embeddable":true,"href":"https:\/\/shoebill-campervan.ca\/en\/wp-json\/wp\/v2\/comments?post=1691"}],"version-history":[{"count":0,"href":"https:\/\/shoebill-campervan.ca\/en\/wp-json\/wp\/v2\/pages\/1691\/revisions"}],"wp:attachment":[{"href":"https:\/\/shoebill-campervan.ca\/en\/wp-json\/wp\/v2\/media?parent=1691"}],"curies":[{"name":"wp","href":"https:\/\/api.w.org\/{rel}","templated":true}]}}